{"id":26017649,"date":"2024-05-21T10:16:07","date_gmt":"2024-05-21T08:16:07","guid":{"rendered":"https:\/\/stage.ldv-muenchen.de\/gym-lehrer\/"},"modified":"2026-04-23T17:13:08","modified_gmt":"2026-04-23T15:13:08","slug":"insegnanti-gymnasium","status":"publish","type":"page","link":"https:\/\/ldv-muenchen.de\/it\/insegnanti-gymnasium\/","title":{"rendered":"Team"},"content":{"rendered":"<p>[et_pb_section fb_built=&#8221;1&#8243; fullwidth=&#8221;on&#8221; admin_label=&#8221;Top Header&#8221; _builder_version=&#8221;4.25.1&#8243; _module_preset=&#8221;default&#8221; background_color=&#8221;RGBA(255,255,255,0)&#8221; background_enable_image=&#8221;off&#8221; global_colors_info=&#8221;{}&#8221;][et_pb_fullwidth_slider _builder_version=&#8221;4.25.2&#8243; _module_preset=&#8221;default&#8221; content_width=&#8221;100%&#8221; content_max_width=&#8221;1280px&#8221; global_colors_info=&#8221;{}&#8221;][et_pb_slide _builder_version=&#8221;4.25.2&#8243; _module_preset=&#8221;default&#8221; header_font=&#8221;PT Sans Narrow||||||||&#8221; header_text_align=&#8221;left&#8221; header_line_height=&#8221;1.3em&#8221; background_color=&#8221;RGBA(255,255,255,0)&#8221; background_enable_color=&#8221;on&#8221; background_image=&#8221;https:\/\/ldv-muenchen.de\/wp-content\/uploads\/2024\/06\/ldv-muenchen-gymnasium-min.jpg&#8221; background_enable_image=&#8221;on&#8221; custom_button=&#8221;on&#8221; button_text_size=&#8221;16px&#8221; button_text_color=&#8221;#FFFFFF&#8221; button_bg_color=&#8221;#0C71C3&#8243; button_border_width=&#8221;2px&#8221; button_border_color=&#8221;#0C71C3&#8243; button_font=&#8221;PT Sans Narrow||||||||&#8221; button_use_icon=&#8221;on&#8221; button_icon=&#8221;&#x24;||divi||400&#8243; button_icon_color=&#8221;#FFFFFF&#8221; button_on_hover=&#8221;on&#8221; button_alignment=&#8221;left&#8221; text_orientation=&#8221;left&#8221; global_colors_info=&#8221;{}&#8221; sticky_transition=&#8221;on&#8221;][\/et_pb_slide][\/et_pb_fullwidth_slider][\/et_pb_section][et_pb_section fb_built=&#8221;1&#8243; admin_label=&#8221;Element 1\/1 \u00fcber Element Text 1\/2 Bild 1\/2&#8243; _builder_version=&#8221;4.25.1&#8243; _module_preset=&#8221;default&#8221; global_colors_info=&#8221;{}&#8221;][et_pb_row _builder_version=&#8221;4.25.1&#8243; _module_preset=&#8221;default&#8221; custom_margin=&#8221;||0px||false|false&#8221; custom_padding=&#8221;||0px||false|false&#8221; global_colors_info=&#8221;{}&#8221;][et_pb_column type=&#8221;4_4&#8243; _builder_version=&#8221;4.24.3&#8243; _module_preset=&#8221;default&#8221; global_colors_info=&#8221;{}&#8221;][et_pb_text _builder_version=&#8221;4.27.4&#8243; _module_preset=&#8221;default&#8221; header_2_font=&#8221;PT Sans Narrow||||||||&#8221; header_2_font_size=&#8221;30px&#8221; header_2_line_height=&#8221;1.3em&#8221; global_colors_info=&#8221;{}&#8221;]<\/p>\n<h2>I nostri insegnanti del Gymnasium<\/h2>\n<p>[\/et_pb_text][\/et_pb_column][\/et_pb_row][et_pb_row column_structure=&#8221;1_2,1_2&#8243; use_custom_gutter=&#8221;on&#8221; _builder_version=&#8221;4.25.1&#8243; _module_preset=&#8221;default&#8221; custom_padding=&#8221;0px||||false|false&#8221; global_colors_info=&#8221;{}&#8221;][et_pb_column type=&#8221;1_2&#8243; _builder_version=&#8221;4.24.3&#8243; _module_preset=&#8221;default&#8221; global_colors_info=&#8221;{}&#8221;][et_pb_text _builder_version=&#8221;4.25.2&#8243; _module_preset=&#8221;default&#8221; global_colors_info=&#8221;{}&#8221;]<\/p>\n<p>L&#8217;insegnamento bilingue al Gymnasium \u00e8 garantito da un concetto di insegnamento del tutto particolare, da un quadro orario strutturato di conseguenza e da un team di insegnanti altamente qualificati.<\/p>\n<p>\u00c8 composto da docenti ottimamente formati sul piano pedagogico. Sono in possesso delle qualifiche richieste per l&#8217;insegnamento nei licei bavaresi.<\/p>\n<p>Questo ci permette di garantire la massima attenzione alle competenze e ai punti di forza, nonch\u00e9 il miglior supporto possibile.<\/p>\n<p>[\/et_pb_text][\/et_pb_column][et_pb_column type=&#8221;1_2&#8243; _builder_version=&#8221;4.24.3&#8243; _module_preset=&#8221;default&#8221; global_colors_info=&#8221;{}&#8221;][et_pb_image src=&#8221;https:\/\/ldv-muenchen.de\/wp-content\/uploads\/2024\/06\/ldv-gymnasium-team.jpg&#8221; title_text=&#8221;ldv-gymnasium-team&#8221; _builder_version=&#8221;4.25.2&#8243; _module_preset=&#8221;default&#8221; global_colors_info=&#8221;{}&#8221;][\/et_pb_image][\/et_pb_column][\/et_pb_row][\/et_pb_section][et_pb_section fb_built=&#8221;1&#8243; admin_label=&#8221;Element 1\/1 \u00fcber Element Text 1\/2 Bild 1\/2&#8243; _builder_version=&#8221;4.25.1&#8243; _module_preset=&#8221;default&#8221; background_color=&#8221;#f2f2f2&#8243; background_image=&#8221;https:\/\/ldv-muenchen.de\/wp-content\/uploads\/2024\/06\/welle-orange_gross.jpg&#8221; parallax=&#8221;on&#8221; global_colors_info=&#8221;{}&#8221;][et_pb_row use_custom_gutter=&#8221;on&#8221; _builder_version=&#8221;4.25.1&#8243; _module_preset=&#8221;default&#8221; global_colors_info=&#8221;{}&#8221;][et_pb_column type=&#8221;4_4&#8243; _builder_version=&#8221;4.24.3&#8243; _module_preset=&#8221;default&#8221; global_colors_info=&#8221;{}&#8221;][et_pb_text _builder_version=&#8221;4.25.2&#8243; _module_preset=&#8221;default&#8221; header_2_font=&#8221;PT Sans Narrow||||||||&#8221; header_2_text_color=&#8221;#FFFFFF&#8221; header_2_font_size=&#8221;30px&#8221; header_2_line_height=&#8221;1.3em&#8221; global_colors_info=&#8221;{}&#8221;]<\/p>\n<h2>Team del Gymnasium<\/h2>\n<p>[\/et_pb_text][et_pb_accordion open_toggle_text_color=&#8221;#0c71c3&#8243; closed_toggle_background_color=&#8221;#0c71c3&#8243; module_class=&#8221;my_accordion&#8221; _builder_version=&#8221;4.27.6&#8243; _module_preset=&#8221;default&#8221; toggle_text_color=&#8221;#FFFFFF&#8221; toggle_font=&#8221;PT Sans Narrow||||||||&#8221; toggle_font_size=&#8221;22px&#8221; custom_padding=&#8221;10px||||false|false&#8221; hover_enabled=&#8221;0&#8243; border_color_all=&#8221;#0c71c3&#8243; global_colors_info=&#8221;{}&#8221; sticky_enabled=&#8221;0&#8243;][et_pb_accordion_item title=&#8221;Concetta Pesce &#8211; Latino, Italiano&#8221; _builder_version=&#8221;4.25.2&#8243; _module_preset=&#8221;default&#8221; custom_margin=&#8221;0px||2px||false|false&#8221; global_colors_info=&#8221;{}&#8221; open=&#8221;on&#8221;]<\/p>\n<div class=\"row\">\n<div class=\"column left\"><img decoding=\"async\" src=\"\/wp-content\/uploads\/2024\/06\/Concetta-Pesce.jpg\" alt=\"Concetta Pesce\" \/><\/div>\n<div class=\"column right\">\n<p>Ho scoperto l&#8217;amore per la letteratura italiana, latina e greca gi\u00e0 al liceo classico. Mi \u00e8 subito stato chiaro che avrei voluto insegnare queste materie. Per questo motivo ho frequentato in Italia la facolt\u00e0 di lettere classiche laureandomi con 110 e Lode. Nello stesso tempo ho concluso un percorso formativo parallelo lavorando poi per dieci anni come educatrice in Italia.<\/p>\n<p>Grazie anche al mio impegno pluriennale come capo scout in Agesci e alla mia formazione in &#8220;Comunicazione non verbale nell&#8217;infanzia&#8221;, ho acquisito le competenze per seguire bambini e adolescenti nel loro percorso di cerscita. Dopo la maternit\u00e0 del mio secondo figlio ho deciso, insieme a mio marito, di trasferirmi in Germania. Volevamo che i nostri figli crescessero in un ambiente multilingue e interculturale. Qui mi sono ulteriormente specializzata ampliando le mie conoscenze in pedagogia, psicologia, metodologia dell&#8217;insegnamento attraverso un corso di formazione nonch\u00e9 la mia conoscenza della lingua tedesca.<\/p>\n<p>Lo sviluppo e la formazione dei ragazzi mi stanno molto a cuore come insegnante e soprattutto come madre ed \u00e8 un grande onore per me essere parte di questo progetto educativo e poter trasmettere ai ragazzi l&#8217;amore per la nostra cultura. Il mio motto \u00e8 \u201cascoltare\u201d, il mio obiettivo \u00e8 aiutare ogni ragazzo a tirare fuori il meglio di s\u00e9.<\/p>\n<\/div>\n<\/div>\n<p>[\/et_pb_accordion_item][et_pb_accordion_item title=&#8221;Emanuela Tinello &#8211; Italiano L2&#8243; _builder_version=&#8221;4.27.4&#8243; _module_preset=&#8221;default&#8221; custom_margin=&#8221;0px||2px||false|false&#8221; global_colors_info=&#8221;{}&#8221; open=&#8221;off&#8221;]<\/p>\n<div class=\"row\">\n<div class=\"column left\"><img decoding=\"async\" src=\"\/wp-content\/uploads\/2025\/09\/Foto-profilo_Emanuela-Tinello-scaled.jpg\" alt=\"Emanuela Tinello\" \/><\/div>\n<div class=\"column right\">\n<p>Dopo la laurea specialistica in lettere moderne, mi sono abilitata all&#8217;insegnamento dell&#8217;italiano, della storia e della geografia presso l&#8217;Universit\u00e0 di Padova e mi sono specializzata nell&#8217;insegnamento dell&#8217;italiano come lingua seconda e straniera presso l&#8217;Universit\u00e0 Ca&#8217; Foscari di Venezia.<br \/>Da insegnante ho lavorato con passione con i ragazzi della scuola secondaria di primo e secondo grado della provincia di Padova e con adulti di origini straniere. Per interesse personale, ho inoltre collaborato con una casa editrice di libri per l&#8217;infanzia e l&#8217;adolescenza, scoprendo la mia passione per la letteratura per ragazzi.<\/p>\n<p>Credo nell&#8217;importanza della partecipazione e per questo sono stata attiva in diverse realt\u00e0 associative del mio territorio, in ambito culturale, sociale e ambientale.<\/p>\n<p>Sono felice di tornare a scuola con i ragazzi della Leonardo da Vinci e di condividere con loro l&#8217;amore per la lingua italiana attraverso la lettura ad alta voce e la scrittura in tutte le sue possibilit\u00e0 di espressione, con un approccio cooperativo in un clima di scambio e confronto.<\/p>\n<\/div>\n<\/div>\n<p>[\/et_pb_accordion_item][et_pb_accordion_item title=&#8221;Britta Ganze &#8211; Tedesco&#8221; _builder_version=&#8221;4.27.5&#8243; _module_preset=&#8221;default&#8221; custom_margin=&#8221;0px||2px||false|false&#8221; global_colors_info=&#8221;{}&#8221; open=&#8221;off&#8221;]<\/p>\n<div class=\"row\">\n<div class=\"column left\"><img decoding=\"async\" src=\"\/wp-content\/uploads\/2025\/12\/Ganze.jpg\" alt=\"Britta Ganze\" \/><\/div>\n<div class=\"column right\">\n<p>Buongiorno! Insegno tedesco, francese ed educazione civica e metto a disposizione una lunga esperienza maturata in diverse tipologie di scuole, anche in contesti multilingue, in Germania e all\u2019estero.<\/p>\n<p>Le mie lezioni sono chiare, coinvolgenti e sempre accompagnate da un tocco di umorismo. La lingua, la letteratura e i temi sociali sono stimolanti e formativi, ma soprattutto devono accendere la curiosit\u00e0 e il piacere di pensare. Accompagno gli studenti con passione nel loro percorso di apprendimento e mi piace scoprire insieme a loro nuove prospettive.<\/p>\n<\/div>\n<\/div>\n<p>[\/et_pb_accordion_item][et_pb_accordion_item title=&#8221;Peter Hascher &#8211; Tedesco&#8221; _builder_version=&#8221;4.27.4&#8243; _module_preset=&#8221;default&#8221; custom_margin=&#8221;0px||2px||false|false&#8221; global_colors_info=&#8221;{}&#8221; open=&#8221;off&#8221;]<\/p>\n<div class=\"row\">\n<div class=\"column left\"><img decoding=\"async\" src=\"\/wp-content\/uploads\/2025\/01\/Hascher_134130-scaled.jpg\" alt=\"Peter-Hascher\" \/><\/div>\n<div class=\"column right\">\n<p>Buongiorno, mi chiamo Peter Hascher. Dopo aver completato gli studi in Matematica, Pedagogia e Germanistica presso l\u2019Universit\u00e0 di Ratisbona, ho lavorato per molti anni come consulente aziendale nel settore IT e delle telecomunicazioni. Ora, nella seconda fase della mia carriera professionale, ritorno con grande entusiasmo alle mie radici, dedicandomi all\u2019insegnamento di Matematica e Tedesco. \u00c8 per me una grande gioia contribuire allo sviluppo individuale di voi e dei vostri figli.<\/p>\n<p>Al di fuori della mia attivit\u00e0 professionale, sono padre di tre figli, vivo a Monaco di Baviera e coltivo con passione diverse attivit\u00e0 sportive.<\/p>\n<\/div>\n<\/div>\n<p>[\/et_pb_accordion_item][et_pb_accordion_item title=&#8221;Gabriele Hirschfeld &#8211; Tedesco, Tedesco L2&#8243; _builder_version=&#8221;4.25.2&#8243; _module_preset=&#8221;default&#8221; custom_margin=&#8221;0px||2px||false|false&#8221; global_colors_info=&#8221;{}&#8221; open=&#8221;off&#8221;]<\/p>\n<div class=\"row\">\n<div class=\"column left\"><img decoding=\"async\" src=\"\/wp-content\/uploads\/2024\/06\/Gabriele-Hirschfeld.jpeg\" alt=\"Gabriele Hirschfeld\" \/><\/div>\n<div class=\"column right\">\nQuando sono venuta a conoscenza della scuola LdV e della sua grandiosa concezione didattica, ne sono stata subito entusiasta, dal momento che io stessa, gi\u00e0 da tempo, sono pi\u00f9 che convinta dell\u2019immenso valore dell\u2019educazione e della formazione bi- e plurilingue e dei grandi vantaggi che essa comporta nella crescita e nello sviluppo dell\u2019individuo.<\/p>\n<p><span>I bambini sono il nostro futuro ed avere una scuola che trasmetta loro solide conoscenze culturali e ampie competenze interculturali \u00e8 la base migliore affinch\u00e9 possano trovare la loro strada in un mondo sempre pi\u00f9 globale. Di questo sono fermamente convinta ed \u00e8 un grande onore per me poter contribuire allo sviluppo del settore ginnasiale mettendo a disposizione la mia ventennale esperienza acquisita come docente di Tedesco Conversazione e Comunicazione in un liceo linguistico statale con sezioni bilingue\/DSD.<\/span><\/p>\n<p>Dopo aver trascorso tanti anni in Italia ho deciso di tornare di nuovo nella mia patria bavarese e, da insegnante appassionata e motivata, sono felicissima di poter lavorare con bambini e adolescenti della LdV, nella speranza di riuscire ad entusiasmarli con i metodi interattivi della didattica a progetto per l\u2019apprendimento cooperativo della materia Tedesco (L2).<\/p>\n<p>Sono altrettanto felice della collaborazione con i colleghi, di cui ho apprezzato subito il grande impegno personale, la disponibilit\u00e0 e l\u2019ampio ventaglio di competenze. Una buona cooperazione tra colleghi \u00e8 infatti la base migliore per realizzare obiettivi formativi trasversali e una vera integrazione delle culture.<\/p>\n<\/div>\n<\/div>\n<p>[\/et_pb_accordion_item][et_pb_accordion_item title=&#8221;Rainer Cla\u00dfen &#8211; Storia, Inglese&#8221; _builder_version=&#8221;4.27.6&#8243; _module_preset=&#8221;default&#8221; custom_margin=&#8221;0px||2px||false|false&#8221; global_colors_info=&#8221;{}&#8221; open=&#8221;off&#8221;]<\/p>\n<div class=\"row\">\n<div class=\"column left\"><img decoding=\"async\" src=\"\/wp-content\/uploads\/2024\/09\/Classen_1274.jpeg\" alt=\"Rainer Cla\u00dfen\" \/><\/div>\n<div class=\"column right\">\n<p>Welcome! Ciao e gr\u00fc\u00df Gott! Mi chiamo Rainer Cla\u00dfen e insegno alla Scuola Leonardo da Vinci. Da svevo renano bajuvarizzato ((prima tappa Aquisgrana, seconda Stoccarda, terza Monaco), ho deciso di intraprendere una nuova avventura professionale in una scuola italo-tedesca, scegliendo come destinazione Obersendling.<\/p>\n<p>Da oltre vent&#8217;anni insegno in varie scuole in Germania, con un breve intermezzo in una scuola tedesco-araba al Cairo, in Egitto.<\/p>\n<p>La mia pi\u00f9 grande gioia \u00e8 motivare e ispirare i giovani. Ogni giorno desidero accompagnare i miei studenti in un entusiasmante viaggio di apprendimento, incoraggiandoli a esplorare l&#8217;affascinante mondo dentro e fuori la scuola, sempre con un sorriso e un pizzico di umorismo.<\/p>\n<\/div>\n<\/div>\n<p>[\/et_pb_accordion_item][et_pb_accordion_item title=&#8221;Josh Gehl &#8211; Inglese&#8221; _builder_version=&#8221;4.27.4&#8243; _module_preset=&#8221;default&#8221; custom_margin=&#8221;0px||2px||false|false&#8221; global_colors_info=&#8221;{}&#8221; open=&#8221;off&#8221;]<\/p>\n<div class=\"row\">\n<div class=\"column left\"><img decoding=\"async\" src=\"\/wp-content\/uploads\/2025\/11\/Josh-Gehl.png\" alt=\"Josh-Gehl\" \/><\/div>\n<div class=\"column right\">\n<p>While I was born in the US, I have lived and worked in Norway, Australia, Hungary, Poland, and now Germany. I am new to Munich, only living here since May 2025. Before moving to Munich, I lived for four years in Krak\u00f3w Poland teaching at a Cambridge International School. I have about 25 years&#8217; experience teaching English Language, Literature, Writing and Communication.<\/p>\n<p>I chose a career in education because I want work that has meaning and purpose. Working as a teacher, I can see the students grow, develop, and learn to meet their full potential. I work to build confidence and respect in my students and push them to be their best.<\/p>\n<p>I am excited to join the LdV team as the new English teacher. I look forward to working with the diverse students and help build their language and communication skills.\n<\/p><\/div>\n<\/div>\n<p>[\/et_pb_accordion_item][et_pb_accordion_item title=&#8221;Monica Raffaele Addamo &#8211; Inglese&#8221; _builder_version=&#8221;4.25.2&#8243; _module_preset=&#8221;default&#8221; custom_margin=&#8221;0px||2px||false|false&#8221; global_colors_info=&#8221;{}&#8221; open=&#8221;off&#8221;]<\/p>\n<div class=\"row\">\n<div class=\"column left\"><img decoding=\"async\" src=\"\/wp-content\/uploads\/2024\/06\/Raffaele-Addamo.jpg\" alt=\"Monica Addamo\" \/><\/div>\n<div class=\"column right\">\n<p>Ho sempre avuto un forte interesse per le lingue e culture straniere, per questo ho deciso di compiere parte dei miei studi in lingue e traduzione all\u2019estero (nel Regno Unito e in Svizzera), e di acquisire le prime esperienze di insegnamento in Finlandia, fuori dal mio paese, l\u2019Italia. Prima di trasferirmi a Monaco con la mia famiglia, ho insegnato inglese nella scuola secondaria italiana per un decennio e approfondito le mie competenze didattiche conseguendo un master in didattica delle lingue straniere. Come insegnante di lingue, il mio obiettivo \u00e8 facilitare negli studenti l\u2019acquisizione di una competenza comunicativa che li aiuti a realizzare il loro progetto di vita.<\/p>\n<p>Sono convinta che lo studio delle lingue in un contesto plurilingue e multiculturale abbia un particolare valore formativo, perch\u00e9 permette il confronto tra culture e favorisce cos\u00ec l\u2019acquisizione di vere competenze interculturali. Queste si sostanziano nella capacit\u00e0 di riflettere sulla propria lingua e cultura e su quelle altrui, di entrare in relazione con l\u2019altro, di guardare e capire il mondo da pi\u00f9 punti di vista.<\/p>\n<p>Per questa ragione sono entusiasta di poter lavorare nella scuola bilingue Leonardo da Vinci, in una citt\u00e0 vivace e culturalmente ricca come Monaco di Baviera.<\/p>\n<\/div>\n<\/div>\n<p>[\/et_pb_accordion_item][et_pb_accordion_item title=&#8221;Yvonne Ikram &#8211; Tedesco, Inglese&#8221; _builder_version=&#8221;4.27.4&#8243; _module_preset=&#8221;default&#8221; custom_margin=&#8221;0px||2px||false|false&#8221; global_colors_info=&#8221;{}&#8221; open=&#8221;off&#8221;]<\/p>\n<div class=\"row\">\n<div class=\"column left\"><img decoding=\"async\" src=\"\/wp-content\/uploads\/2024\/06\/Yvonne-Ikram.jpg\" alt=\"Yvonne Ikram\" \/><\/div>\n<div class=\"column right\">\n<p>Insegnare le lingue \u00e8 la mia passione! \u00c8 il mio obiettivo sostenere e stimolare tutti gli alunni e tutte le alunne affinch\u00e9 possano sfruttare al meglio le proprie potenzialit\u00e0 e provare sempre l\u2019entusiasmo di imparare. La parola chiave \u00e8 la motivazione. Per me sono molto importanti il rispetto reciproco e un\u2019 atmosfera serena di studio dove gli obiettivi siano ben definiti con l\u2019indicazione delle vie per raggiungerli. Sono interprete e traduttrice letteraria. Integro le lezioni con le mie conoscenze specialistiche rispettando la variet\u00e0 di metodi, la creativit\u00e0 e l\u2019innovazione.<\/p>\n<p>Grazie alla mia lunga esperienza nelle scuole internazionali in Germania e all\u2019estero ho avuto contatti con delle culture molto diverse tradi di loro. Sono molto lieta di poter dare il mio contributo attivo alla scuola Leonardo da Vinci per l\u2019istruzione e per lo sviluppo individuale dei nostri alunni ed alunne.<\/p>\n<\/div>\n<\/div>\n<p>[\/et_pb_accordion_item][et_pb_accordion_item title=&#8221;Odile Schmidt-Moreau &#8211; Francese&#8221; _builder_version=&#8221;4.25.2&#8243; _module_preset=&#8221;default&#8221; custom_margin=&#8221;0px||2px||false|false&#8221; global_colors_info=&#8221;{}&#8221; open=&#8221;off&#8221;]<\/p>\n<div class=\"row\">\n<div class=\"column left\"><img decoding=\"async\" src=\"\/wp-content\/uploads\/2024\/06\/Odile-Schmidt-Moreau.jpg\" alt=\"Odile Schmidt-Moreau\" \/><\/div>\n<div class=\"column right\">\n<p>Sono francese di nascita e quindi predestinata per l\u2019insegnamento della lingua francese.<\/p>\n<p>Ho conseguito una parte dei miei studi di giurispridenza in Germania, inzialmente a Saarbr\u00fccken. Nell\u2019ambito del programma degli scambi Erasmus sono poi arrivata a Monaco. Il soggiorno inizialmente previsto per un semestre ormai dura da oltre 30 anni.<\/p>\n<p>Ho due figli adulti e per loro ho interrotto la mia vita professionale per un lungo periodo. Prima e dopo ho lavorato in tanti campi diversi: riassicurazione, industria, compagnia aerea, banca, settore alberghiero\u2026 Vengo da una famiglia di insegnanti e da molto tempo ho il desiderio di seguire questa tradizione.<\/p>\n<p>Sono molto contenta di questa nuova sfida, il lavoro con i ragazzi in un ambiente internazionale multilingue che mi sta molto al cuore.<\/p>\n<\/div>\n<\/div>\n<p>[\/et_pb_accordion_item][et_pb_accordion_item title=&#8221;Francesca Brandi &#8211; Economia e diritto, Economia e lavoro&#8221; _builder_version=&#8221;4.26.1&#8243; _module_preset=&#8221;default&#8221; custom_margin=&#8221;0px||2px||false|false&#8221; global_colors_info=&#8221;{}&#8221; open=&#8221;off&#8221;]<\/p>\n<div class=\"row\">\n<div class=\"column left\"><img decoding=\"async\" src=\"\/wp-content\/uploads\/2024\/09\/Profilo_Brandi.jpg\" alt=\"Francesca Brandi\" \/><\/div>\n<div class=\"column right\">\n<p>Non c\u2019\u00e8 cosa pi\u00f9 bella della scoperta. L\u2019essere umano \u00e8 spinto da un innato istinto di esplorazione, che si trasforma continuamente in conoscenze e competenze necessarie per affrontare le sfide della vita.<\/p>\n<p>Le discipline dell&#8217;economia e del diritto sono pilastri fondamentali dell&#8217;evoluzione della societ\u00e0. Porto con me una ricca esperienza accademica e personale, che mi impegno a trasmettere agli studenti. Sono nata in Italia, dove ho conseguito una laurea triennale in Matematica economica e gestionale e un master in Finance. Dopo uno stage ad Amburgo, mi sono trasferita in Germania, lavorando nel settore privato, ma senza trovare piena espressione dei miei valori. La nascita di mia figlia e il completamento di un master in didattica della matematica hanno segnato una svolta nella mia passione per l&#8217;educazione.<\/p>\n<p>Ora, come insegnante, mi impegno a trasmettere agli studenti la sete di scoperta e conoscenza, stimolando il dialogo, il confronto e promuovendo lo sviluppo delle competenze attraverso la risoluzione di problemi reali e pratici.\n<\/p><\/div>\n<\/div>\n<p>[\/et_pb_accordion_item][et_pb_accordion_item title=&#8221;Julian Rasimus &#8211; Storia, Morale, Educazione civica, Geografia&#8221; _builder_version=&#8221;4.26.1&#8243; _module_preset=&#8221;default&#8221; custom_margin=&#8221;0px||2px||false|false&#8221; global_colors_info=&#8221;{}&#8221; open=&#8221;off&#8221;]<\/p>\n<div class=\"row\">\n<div class=\"column left\"><img decoding=\"async\" src=\"\/wp-content\/uploads\/2024\/06\/Julian-Rasimus.png\" alt=\" Julian Rasimus\" \/><\/div>\n<div class=\"column right\">\n<p>Ciao, mi chiamo Julian Rasimus e sono originario del paese dei \u201crisparmiatori\u201d e dei \u201ccostruttori di case\u201d \u2013 ovvero di Stoccarda.<\/p>\n<p>Gi\u00e0 verso la fine della mia carriera scolastica sapevo che avrei voluto lavorare all\u2019interno dell\u2019ambiente scolastico e soprattutto con bambini e ragazzi. Cos\u00ec, dopo essermi diplomato, ho iniziato a studiare per diventare insegnante nella pacifica citt\u00e0 di T\u00fcbingen potendo cos\u00ec, da allora, fare diverse esperienze presso scuole elementari e superiori. Grazie al mio arrivo alla Leonardo da Vinci sono molto contento di aver trovato una nuova casa (a livello scolastico) che rispecchi le mie aspettative pedagogiche.<\/p>\n<p>La mia passione risiede soprattutto in tutte le materie che si confrontano con la convivenza umana come p. es. storia, morale, geografia ed educazione civica. Perch\u00e9 attraverso queste materie gli alunni impa-rano a conoscere le basi della convivenza umana e imparano competenze che li aiuteranno a trovare il proprio ruolo all\u2019interno di una societ\u00e0 cos\u00ec variegata e complessa come la nostra.<\/p>\n<p>All\u2019interno della vita scolastica trovo che una atmosfera di lavoro cooperativa tra tutti (insegnanti, stu-denti e genitori) sia molto importante e motivante e durante le lezioni do molta importanza ad una co-municazione priva di violenza e ad un rapporto rispettoso verso gli altri. Solo attraverso un clima positivo di classe gli alunni possono concentrarsi sullo studio in maniera libera e spensierata riuscendo cos\u00ec a sco-prire e capire insieme il mondo che ci circonda.<\/p>\n<\/div>\n<\/div>\n<p>[\/et_pb_accordion_item][et_pb_accordion_item title=&#8221;Dr. Davide Mogetta &#8211; Storia, Morale&#8221; _builder_version=&#8221;4.27.6&#8243; _module_preset=&#8221;default&#8221; custom_margin=&#8221;0px||2px||false|false&#8221; hover_enabled=&#8221;0&#8243; global_colors_info=&#8221;{}&#8221; open=&#8221;off&#8221; sticky_enabled=&#8221;0&#8243;]<\/p>\n<div class=\"row\">\n<div class=\"column left\"><img decoding=\"async\" src=\"\/wp-content\/uploads\/2026\/04\/Mogetta-scaled.jpg\" Davide Mogetta\" \/><\/div>\n<div class=\"column right\">\n<p>Mi sono laureato in filosofia presso l\u2019Universit\u00e0 Vita-Salute San Raffaele di Milano. Ho poi svolto un dottorato di ricerca in co-tutela tra l\u2019Universit\u00e0 di Pisa e la Ludwig-Maximilians-Universit\u00e4t, muovendomi tra filosofia e storia dell\u2019arte. Accanto all\u2019attivit\u00e0 di ricerca, ho curato mostre e scritto testi di critica d\u2019arte.<\/p>\n<p>Durante un soggiorno Erasmus ho imparato a conoscere e ad apprezzare Monaco di Baviera, dove sono tornato anche nel corso del dottorato. Qui desidero condividere con la comunit\u00e0 scolastica della Leonardo da Vinci la mia passione per la filosofia e la storia. Nell\u2019insegnamento cerco di trasmettere non solo contenuti, ma anche un metodo critico, stimolando domande, confronto e curiosit\u00e0, affinch\u00e9 etica e storia diventino strumenti vivi per comprendere il presente.<\/p>\n<\/div>\n<\/div>\n<p>[\/et_pb_accordion_item][et_pb_accordion_item title=&#8221;Dr. Thomas Hemmert &#8211; Matematica, Fisica&#8221; _builder_version=&#8221;4.25.2&#8243; _module_preset=&#8221;default&#8221; custom_margin=&#8221;0px||2px||false|false&#8221; global_colors_info=&#8221;{}&#8221; open=&#8221;off&#8221;]<\/p>\n<div class=\"row\">\n<div class=\"column left\"><img decoding=\"async\" src=\"\/wp-content\/uploads\/2024\/06\/Dr-Thomas-Hemmert.jpg\" alt=\"Dr. Thomas Hemmert\" \/><\/div>\n<div class=\"column right\">\nMi fa molto piacere avere la possibilit\u00e0, soprattutto durante questo decennio degli anni 2000, di accompagnare per un paio d\u2018anni giovani ragazzi verso l\u2019et\u00e0 adulta e il mondo del lavoro. <\/p>\n<p>Un decennio che promette molti e nuovi miracoli nell\u2019ambito della tecnica, che inizia dopo un lungo periodo di stallo e nel quale si vuole tornare nello spazio, ci si impegna globalmente a superare l\u2019era delle energie fossili, le auto viaggiano autonomamente e magari presto voleranno, la mobilit\u00e0 nelle citt\u00e0 cambia, reti neurali e computer quantistici rivoluzionano la diffusione di informazioni e molecole vengono programmate al fine di combattere epidemie globali. <\/p>\n<p>Sono un fisico appassionato che ha conseguito il dottorato negli USA e ha lavorato per molti anni nell\u2019ambito della ricerca presso universit\u00e0 in Canada e Germania. Dal 2010 lavoro come insegnante di matematica, fisica e tecnologia nell&#8217;area di Monaco. Nel 2021 sono entrato a far parte della scuola Leonardo da Vinci e sono molto lieto di poter contribuire con la mia esperienza a questo progetto italo-tedesco.\n<\/p><\/div>\n<\/div>\n<p>[\/et_pb_accordion_item][et_pb_accordion_item title=&#8221;Carlo Bottura &#8211; Matematica, Fisica&#8221; _builder_version=&#8221;4.27.4&#8243; _module_preset=&#8221;default&#8221; custom_margin=&#8221;0px||2px||false|false&#8221; global_colors_info=&#8221;{}&#8221; open=&#8221;off&#8221;]<\/p>\n<div class=\"row\">\n<div class=\"column left\"><img decoding=\"async\" src=\"\/wp-content\/uploads\/2024\/06\/Carlo-Bottura.jpg\" alt=\"Carlo Bottura\" \/><\/div>\n<div class=\"column right\">\n<p>Sono entusiasta di poter far parte della grande famiglia Leonardo da Vinci e di poter mettere a disposizione per le nuove generazioni la mia formazione, la quale si fonda su due concetti di base fondamentali: scienza e plurilinguismo.<\/p>\n<p>Nato e cresciuto a Milano da genitori veneti, ho deciso dopo il liceo scientifico di iniziare gli studi presso il Politecnico di Milano, spinto da una grande passione per lo sviluppo delle infrastrutture stradali, ferroviarie e aeroportuali. In questa importante universit\u00e0 ho ottenuto il titolo di ingegnere civile, prestando al contempo servizio durante le estati come volontario Legambiente in progetti internazionali di ampio respiro in diversi paesi europei.<\/p>\n<p>In questi due contesti ho potuto utilizzare ed ampliare la conoscenza dell\u2019inglese, del francese e del tedesco e ci\u00f2 mi ha consentito di superare le barriere culturali e linguistiche con gli altri studenti e volontari oltre che di costruire una forma mentis aperta, tollerante e flessibile.<\/p>\n<p>Nell\u2019insegnamento quotidiano mi pongo come obiettivo la preparazione degli studenti ad una societ\u00e0 tedesca ed europea in continua integrazione e mutamento, facendomi interprete costante della cultura italiana, baluardo della nostra istituzione.<\/p>\n<p>Per concludere, sono fortemente convinto che solo l\u2019inclusione e la valorizzazione delle persone possa generare la crescita dell\u2019individuo e della societ\u00e0 che verr\u00e0.<\/p>\n<\/div>\n<\/div>\n<p>[\/et_pb_accordion_item][et_pb_accordion_item title=&#8221;Elisa Romandini &#8211; Matematica, Fisica&#8221; _builder_version=&#8221;4.27.4&#8243; _module_preset=&#8221;default&#8221; custom_margin=&#8221;0px||2px||false|false&#8221; global_colors_info=&#8221;{}&#8221; open=&#8221;off&#8221;]<\/p>\n<div class=\"row\">\n<div class=\"column left\"><img decoding=\"async\" src=\"\/wp-content\/uploads\/2024\/06\/Elisa-Romandini.jpg\" alt=\"Elisa Romandini \" \/><\/div>\n<div class=\"column right\">\n<p>Ciao! Sono Elisa Romandini e vengo da un piccolo paese sul mare delle Marche.<\/p>\n<p>La mia curiosit\u00e0 per le scienze \u00e8 nata durante i miei studi liceali. Conseguito il diploma di liceo classico, ho frequentato la facolt\u00e0 di Fisica presso l\u2019Universit\u00e0 di Bologna e successivamente, sempre a Bologna, ho conseguito la laurea specialistica in Astrofisica e Cosmologia. Durante il mio percorso di studi ho trasformato la curiosit\u00e0 per queste materie in passione, scoprendo molte delle loro sfaccettature.<\/p>\n<p>A seguito della laurea ho lavorato come insegnante di Matematica e Fisica in Italia, innamorandomi di questo lavoro. Credo che il mestiere dell\u2019insegnante sia una bellissima vocazione e sono entusiasta di poter condividere con gli alunni queste mie passioni!<\/p>\n<\/div>\n<\/div>\n<p>[\/et_pb_accordion_item][et_pb_accordion_item title=&#8221;Federico Rugger &#8211; Matematica&#8221; open=&#8221;off&#8221; _builder_version=&#8221;4.27.6&#8243; _module_preset=&#8221;default&#8221; custom_margin=&#8221;0px||2px||false|false&#8221; global_colors_info=&#8221;{}&#8221;]<\/p>\n<div class=\"row\">\n<div class=\"column left\"><img decoding=\"async\" src=\"\/wp-content\/uploads\/2026\/04\/Rugger.jpg\" alt=\"Federico Rugger\" \/><\/div>\n<div class=\"column right\">\n<p>Sono molto felice di entrare a far parte della Scuola Leonardo da Vinci.<br \/>\nSono nato nei pressi di Venezia e ho conseguito la laurea magistrale in ingegneria elettronica presso l\u2019Universit\u00e0 di Padova. Nel 2002 mi sono trasferito a Monaco di Baviera insieme alla mia famiglia. I miei tre figli sono nati a Monaco, e questo ha fatto s\u00ec che l\u2019italiano e il tedesco siano entrambe lingue presenti nella nostra vita quotidiana.<\/p>\n<p>Ho maturato diversi anni di esperienza nel settore della ricerca e sviluppo nell\u2019ambito dell\u2019elettronica di potenza. Matematica e fisica hanno rappresentato le basi del mio percorso di studi e professionale, che ho sempre affrontato con interesse e attenzione.<br \/>\nCon piacere metto ora a disposizione le mie competenze e la mia esperienza nel lavoro con i giovani, all\u2019interno del contesto scolastico.<\/p>\n<\/div>\n<\/div>\n<p>[\/et_pb_accordion_item][et_pb_accordion_item title=&#8221;Judith Kopetz &#8211; Matematica, Scienze e Tecnica&#8221; _builder_version=&#8221;4.25.2&#8243; _module_preset=&#8221;default&#8221; custom_margin=&#8221;0px||2px||false|false&#8221; global_colors_info=&#8221;{}&#8221; open=&#8221;off&#8221;]<\/p>\n<div class=\"row\">\n<div class=\"column left\"><img decoding=\"async\" src=\"\/wp-content\/uploads\/2024\/06\/Judith-Kopetz.jpg\" alt=\"Judith Kopetz\" \/><\/div>\n<div class=\"column right\">\n<p>Il lavoro dell&#8217;insegnante \u00e8 prezioso perch\u00e9 non necessita di un perch\u00e9. Insegnare \u00e8 un compito bellissimo, impegnativo perch\u00e9 desidera risvegliare nei ragazzi la curiosit\u00e0, portarli a stupirsi e accompagnare il loro apprendimento, o meglio ancora destare il loro spirito esplorativo e proprio per questo sempre nuovo.<\/p>\n<p>Sono arrivata alla scuola Leonardo da Vinci quasi per caso, mi \u00e8 piaciuto che intenda offrire agli studenti con il suo concetto pedagogico, un luogo di apprendimento speciale: allo stesso tempo familiare e aperto al mondo. Sono molto contenta di poter svolgere non solo il mio lavoro in questa giovane scuola, ma anche di poter contribuire al suo ulteriore sviluppo. Il mio grande desiderio \u00e8 che per i miei studenti le mie lezioni siano stimolanti, interessanti e piacevoli.<\/p>\n<\/div>\n<\/div>\n<p>[\/et_pb_accordion_item][et_pb_accordion_item title=&#8221;Veronika Schwamberger &#8211; Biologia, Chimica, Scienze e Tecnica, Geografia&#8221; _builder_version=&#8221;4.26.1&#8243; _module_preset=&#8221;default&#8221; custom_margin=&#8221;0px||2px||false|false&#8221; global_colors_info=&#8221;{}&#8221; open=&#8221;off&#8221;]<\/p>\n<div class=\"row\">\n<div class=\"column left\"><img decoding=\"async\" src=\"\/wp-content\/uploads\/2024\/06\/Veronika-Schwamberger.jpg\" alt=\"Veronika Schwamberger\" \/><\/div>\n<div class=\"column right\">\n<p>Da pi\u00f9 di quattordici anni sono un\u2019appassionata insegnante di biologia e chimica. Dopo la conclusione degli studi universitari e una permanenza all\u2019estero durata diversi mesi, al mio rientro a Monaco, ho avuto la possibilit\u00e0 di insegnare presso un Gymnasium. Questo mi ha dato la possibilit\u00e0 di scoprire quanto l\u2019insegnamento delle materie scientifiche a bambini e ragazzi sia bello e soddisfacente. Siccome durante gli studi e i tirocini mi piaceva molto fare esperimenti, lo svolgimento di lezioni chiare e orientate alla prassi \u00e8 diventato il mio focus principale.<\/p>\n<p>La biologia e la chimica sono scienze vive e da toccare con mano ed \u00e8 proprio cos\u00ec che imposto le mie lezioni. Con il mio arrivo alla scuola Leonardo da Vinci si avvera il mio desiderio di svolgere la mia attivit\u00e0 lavorativa in un ambiente internazionale.<\/p>\n<\/div>\n<\/div>\n<p>[\/et_pb_accordion_item][et_pb_accordion_item title=&#8221;Silvia Barbieri &#8211; Storia dell&#8217;arte&#8221; _builder_version=&#8221;4.26.1&#8243; _module_preset=&#8221;default&#8221; custom_margin=&#8221;0px||2px||false|false&#8221; global_colors_info=&#8221;{}&#8221; open=&#8221;off&#8221;]<\/p>\n<div class=\"row\">\n<div class=\"column left\"><img decoding=\"async\" src=\"\/wp-content\/uploads\/2024\/06\/Silvia-Barbieri.jpg\" alt=\"Silvia Barbieri \" \/><\/div>\n<div class=\"column right\">\n<p>Sin da piccola ho sempre amato dipingere, disegnare e creare. Da adulta e da madre ho scoperto la bellezza di farlo per e con i bambini e i ragazzi.<\/p>\n<p>Gi\u00e0 dalla mia prima laurea in Lingue e Letterature Straniere ho iniziato a lavorare a stretto contatto col mondo dell\u2019infanzia e della formazione in un ambiente multilingue, come animatrice bambini, tenendo corsi di lingue e lavorando come traduttrice e autrice di contenuti per la didattica online.<\/p>\n<p>Con l\u2019inizio della mia vita familiare ho intrapreso un secondo percorso di studi, conseguendo la Laurea Specialistica in Disegno Industriale, e lavorando come disegnatrice e redattrice tecnica.<\/p>\n<p>Nell\u2019anno 2014 io e mio marito abbiamo deciso di trasferirci a Monaco di Baviera per motivi lavorativi, dando cos\u00ec l\u2019opportunit\u00e0 ai nostri tre figli di crescere in un ambiente bilingue. Qui, in seguito ad ulteriori esperienze come redattrice tecnica, mi sono occupata di organizzare le attivit\u00e0 pomeridiane presso un ginnasio statale, con corsi di arte, italiano e aiuto nei compiti. Parallelamente ho illustrato libri per piccole pubblicazioni e ho tenuto corsi di italiano e arte per bambini.<\/p>\n<p>Presso la scuola Leonardo da Vinci mi occupo dell\u2019insegnamento di arte nei corsi curricolari e dell\u2019organizzazione di laboratori di disegno, arte e bricolage e aiuto nei compiti al pomeriggio.<\/p>\n<\/div>\n<\/div>\n<p>[\/et_pb_accordion_item][et_pb_accordion_item title=&#8221;Natascha Gertsmann &#8211; Storia dell&#8217;arte&#8221; _builder_version=&#8221;4.27.4&#8243; _module_preset=&#8221;default&#8221; custom_margin=&#8221;0px||2px||false|false&#8221; global_colors_info=&#8221;{}&#8221; open=&#8221;off&#8221;]<\/p>\n<div class=\"row\">\n<div class=\"column left\"><img decoding=\"async\" src=\"\/wp-content\/uploads\/2025\/03\/Natascha-Gertsmann-scaled.jpeg\" alt=\"Natascha Gertsmann\" \/><\/div>\n<div class=\"column right\">\n<p>Sono un\u2019insegnante di arte con una solida formazione accademica in Belle Arti e Didattica dell\u2019Arte. Ho conseguito un diploma e un Master of Education, ottenendo il titolo di Meistersch\u00fclerin.<\/p>\n<p>Da molti anni mi dedico all\u2019insegnamento dell\u2019arte, sia in ambito scolastico che extrascolastico. Ho lavorato in diversi licei, diretto una scuola di pittura, tenuto incarichi di docenza in un\u2019accademia d\u2019arte e collaborato con gallerie e progetti culturali. Mi occupo in particolare della didattica della pittura astratta, della pratica artistica con diverse fasce d\u2019et\u00e0 e dello sviluppo di metodi di insegnamento innovativi. Parallelamente alla mia attivit\u00e0 professionale, sono impegnata nel volontariato e nutro una grande passione per l\u2019arte, il design, il teatro e i viaggi.<\/p>\n<\/div>\n<\/div>\n<p>[\/et_pb_accordion_item][et_pb_accordion_item title=&#8221;Serena Chillemi &#8211; Musica&#8221; _builder_version=&#8221;4.25.2&#8243; _module_preset=&#8221;default&#8221; custom_margin=&#8221;0px||2px||false|false&#8221; global_colors_info=&#8221;{}&#8221; open=&#8221;off&#8221;]<\/p>\n<div class=\"row\">\n<div class=\"column left\"><img decoding=\"async\" src=\"\/wp-content\/uploads\/2024\/06\/Serena-Chillemi.jpg\" alt=\"Serena Chillemi\" \/><\/div>\n<div class=\"column right\">\nGli insegnanti esperti sanno come ridurre l&#8217;indifferenza e moltiplicare la conoscenza, come risvegliare l&#8217;amore e trasmettere la devozione.&#8221; <span>Questa frase, tratta da &#8220;L&#8217;Arte del pianoforte&#8221; di H.Neuhaus, mi ha sempre guidato nel mio lavoro.<\/p>\n<p>Insegnare \u00e8 una componente fondamentale della mia vita. Con entusiasmo e tanta passione provo a trasmettere l&#8217;amore per la musica, cercando di interpretare e soddisfare le esigenze di ogni alunno e prestando grande attenzione affinch\u00e9 il percorso formativo sia per tutti graduale, efficace e positivo.<\/p>\n<p>Sono nata a Catania e l\u00ec ho iniziato il mio percorso artistico, conseguendo il Diploma di pianoforte. Nel 2004 Mi sono trasferita in Germania dove ho conseguito sia il K\u00fcnstlerisches che il P\u00e4dagogisches Diplom (perfezionamento pianistico e specializzazione didattica)presso la Musihochschule di Monaco Di Baviera.<\/p>\n<p>L&#8217;educazione musicale, secondo me, non \u00e8 solo una materia scolastica, ma una parte fondamentale del bagaglio formativo di ogni individuo, utile per l&#8217;approfondimento di moltissime tematiche sia storiche che sociali, indispensabile per la comprensione delle emozioni e necessaria per lo sviluppo del pensiero critico.<\/p>\n<p>Sono felice quindi di poter lavorare con i ragazzi della Leonardo Da Vinci e di poter condividere con loro e con i colleghi un&#8217;esperienza di crescita e impegno.\n<\/p><\/div>\n<\/div>\n<p>[\/et_pb_accordion_item][et_pb_accordion_item title=&#8221;Riccardo Nardozzi &#8211; Musica&#8221; _builder_version=&#8221;4.27.4&#8243; _module_preset=&#8221;default&#8221; custom_margin=&#8221;0px||2px||false|false&#8221; global_colors_info=&#8221;{}&#8221; open=&#8221;off&#8221;]<\/p>\n<div class=\"row\">\n<div class=\"column left\"><img decoding=\"async\" src=\"\/wp-content\/uploads\/2025\/09\/Image.jpeg\" alt=\"Riccardo Nardozzi\" \/><\/div>\n<div class=\"column right\">\n<p>Ciao! Sono Riccardo Nardozzi e mi occupo di didattica musicale da molti anni. La mia passione per la musica, coltivata fin da bambino, si unisce a un approccio attento alla dimensione umana e relazionale delle lezioni, con l\u2019obiettivo di accompagnare bambini e ragazzi nel loro percorso di crescita attraverso la musica. Proprio per questo ho conseguito anche il titolo di coach e counselor per l\u2019et\u00e0 evolutiva.<\/p>\n<p>Ho studiato Musicologia e Psicologia della Musica a Roma, e ho arricchito la mia formazione con master universitari, corsi di didattica pianistica e programmi internazionali di alta specializzazione. Mi sono dedicato in particolare allo studio dell\u2019attitudine musicale, dello sviluppo vocale e della vocalit\u00e0 nell\u2019et\u00e0 evolutiva.<\/p>\n<p>La mia esperienza come insegnante \u00e8 molto ampia: a Roma ho lavorato in importanti accademie e scuole di musica, tenendo lezioni di pianoforte, conducendo ensemble vocali e strumentali, e insegnando sia nella scuola primaria che al Gymnasium. Dal 2015 vivo a Monaco di Baviera, dove insegno pianoforte e musica a bambini e ragazzi, integrando pratica, ricerca e divulgazione.<\/p>\n<p>Sono autore di diversi volumi di didattica e psicopedagogia musicale, e ho pubblicato articoli su tutte le principali riviste italiane del settore. In Europa sono considerato un punto di riferimento per la Music Learning Theory di Edwin Gordon, e tengo regolarmente corsi e seminari rivolti a insegnanti ed educatori. Collaboro attivamente con la SIEM \u2013 Societ\u00e0 Italiana per l\u2019Educazione Musicale, rappresentante italiana dell\u2019ISME (International Society for Music Education), conducendo percorsi formativi e attivit\u00e0 di aggiornamento a livello nazionale e internazionale.<\/p>\n<p>Il mio motto?<br \/>\u201cChe l\u2019innata musicalit\u00e0 del bambino possa sempre essere valorizzata: se la musica \u00e8 una preziosa alleata nel suo percorso di crescita, lo sar\u00e0 per tutta la vita!\u201d<\/p>\n<\/div>\n<\/div>\n<p>[\/et_pb_accordion_item][et_pb_accordion_item title=&#8221;Carlo Car\u00f9 &#8211; Italiano, Religione, Etica&#8221; _builder_version=&#8221;4.26.1&#8243; _module_preset=&#8221;default&#8221; custom_margin=&#8221;0px||2px||false|false&#8221; global_colors_info=&#8221;{}&#8221; open=&#8221;off&#8221;]<\/p>\n<div class=\"row\">\n<div class=\"column left\"><img decoding=\"async\" src=\"\/wp-content\/uploads\/2024\/09\/Carlo-Caru_LdV-scaled.jpg\" alt=\"Carlo Car\u00f9\" \/><\/div>\n<div class=\"column right\">\n<p>Dopo essermi laureato in Lettere Moderne all&#8217;Universit\u00e0 degli Studi di Milano, ho ottenuto la certificazione in didattica dell&#8217;italiano a stranieri presso l&#8217;Universit\u00e0 Ca&#8217; Foscari Venezia. Successivamente, ho completato il Biennio Filosofico-Teologico alla Facolt\u00e0 Teologica dell&#8217;Italia Settentrionale, arricchendo ulteriormente il mio percorso formativo.<\/p>\n<p>Ho collaborato con il Laboratorio Leopardi dell&#8217;Universit\u00e0 La Sapienza di Roma e curato un volume su Dante, oltre ad essere autore di vari saggi di critica letteraria. Dal 2016 ho insegnato con passione in Italia, Svizzera e Germania.<\/p>\n<p>Non vedo l&#8217;ora di condividere il mio entusiasmo e la mia competenza con gli studenti della LDV.<\/p>\n<\/div>\n<\/div>\n<p>[\/et_pb_accordion_item][et_pb_accordion_item title=&#8221;Stephane Migy &#8211; Religione&#8221; _builder_version=&#8221;4.26.1&#8243; _module_preset=&#8221;default&#8221; custom_margin=&#8221;0px||2px||false|false&#8221; global_colors_info=&#8221;{}&#8221; open=&#8221;off&#8221;]<\/p>\n<div class=\"row\">\n<div class=\"column left\"><img decoding=\"async\" src=\"\/wp-content\/uploads\/2024\/09\/Migy-scaled.jpg\" alt=\"Stephane Migy\" \/><\/div>\n<div class=\"column right\">\n<p>Stephane Migy \u00e8 di nazionalit\u00e0 svizzera e ha trascorso la sua giovinezza in un contesto internazionale e poliglotta. Dopo aver studiato a Roma, ha completato il suo dottorato di ricerca presso la Ludwig-Maximilians-Universit\u00e4t di Monaco. <\/p>\n<p>Dopo aver seguito la scuola Leonardo da Vinci sin dai suoi esordi, \u00e8 ora entusiasta di tornare a insegnare, contribuendo con la sua esperienza e passione al percorso educativo dei suoi alunni.\n<\/p><\/div>\n<\/div>\n<p>[\/et_pb_accordion_item][et_pb_accordion_item title=&#8221;Alexandra Schatz &#8211; Sport&#8221; _builder_version=&#8221;4.25.2&#8243; _module_preset=&#8221;default&#8221; custom_margin=&#8221;0px||2px||false|false&#8221; global_colors_info=&#8221;{}&#8221; open=&#8221;off&#8221;]<\/p>\n<div class=\"row\">\n<div class=\"column left\"><img decoding=\"async\" src=\"\/wp-content\/uploads\/2024\/06\/Alexandra-Schatz.jpg\" alt=\"Alexandra Schatz\" \/><\/div>\n<div class=\"column right\">\n<p>Ciao, mi chiamo Alexandra Schatz, sono nata a Monaco di Baviera e ho due figli. La mia passione da piccola era il pattinaggio sul ghiaccio short track, da pi\u00f9 grande sono passata alla carriera di allenatrice e arbitro a livello internazionale.<\/p>\n<p>Ho frequentato un corso di formazione come insegnante di sport riconosciuta con qualifica in TERAPIA DEL MOVIMENTO &#8211; psichiatria, psicosomatica, dipendenza e in TERAPIA SPORTIVA &#8211; ortopedia, traumatologia, medicina interna presso il Berufskolleg di Waldenburg.<\/p>\n<p>Nel 2004, subito dopo aver portato a termine il mio percorso di formazione, ho aperto il mio studio per terapia sportiva improntato sul seguente principio: lo sport non \u00e8 tutto, ma senza sport tutto si riduce a poco.<br \/><span>Bambini e giovani fanno parte della mia quotidianit\u00e0 sportiva e terapeutica e lavorare con loro arricchisce ogni giornata.<\/span><\/p>\n<p>Gi\u00e0 dal 2016 ho la possibilit\u00e0 di lavorare alla scuola Leonardo da Vinci e trasmettere agli alunni l\u2019entusiasmo e la gioia per il movimento mettendo al primo posto la loro creativit\u00e0 e la possibilit\u00e0 di personalizzare le lezioni.<\/p>\n<\/div>\n<\/div>\n<p>[\/et_pb_accordion_item][et_pb_accordion_item title=&#8221;Giuseppe Chiappisi &#8211; Sport&#8221; _builder_version=&#8221;4.26.1&#8243; _module_preset=&#8221;default&#8221; custom_margin=&#8221;0px||2px||false|false&#8221; global_colors_info=&#8221;{}&#8221; open=&#8221;off&#8221;]<\/p>\n<div class=\"row\">\n<div class=\"column left\"><img decoding=\"async\" src=\"\/wp-content\/uploads\/2024\/09\/Chiappisi.jpg\" alt=\"Giuseppe Chiappisi\" \/><\/div>\n<div class=\"column right\">\n<p>Mi chiamo Giuseppe Chiappisi e sono laureato in Scienze Motorie, con una specializzazione in metodologia dell&#8217;insegnamento per bambini e ragazzi con bisogni speciali. Grazie ai miei studi e alle mie esperienze lavorative in diversi contesti scolastici, ho sviluppato la capacit\u00e0 di pianificare e implementare programmi di educazione fisica che siano sicuri, inclusivi stimolanti e divertenti.<\/p>\n<p>Credo fermamente che la partecipazione ad attivit\u00e0 motorie possa supportare lo sviluppo sociale dei bambini, offrendo loro opportunit\u00e0 per l&#8217;espressione personale, la costruzione dell&#8217;autostima, l&#8217;interazione e l&#8217;integrazione sociale. Queste competenze e abilit\u00e0 sono fondamentali per il loro futuro.<\/p>\n<\/div>\n<\/div>\n<p>[\/et_pb_accordion_item][et_pb_accordion_item title=&#8221;Lina Wilfert &#8211; Tedesco L2&#8243; _builder_version=&#8221;4.25.2&#8243; _module_preset=&#8221;default&#8221; custom_margin=&#8221;0px||2px||false|false&#8221; global_colors_info=&#8221;{}&#8221; open=&#8221;off&#8221;]<\/p>\n<div class=\"row\">\n<div class=\"column left\"><img decoding=\"async\" src=\"\/wp-content\/uploads\/2024\/06\/Lina-Wilfert.jpg\" alt=\"Lina Wilfert\" \/><\/div>\n<div class=\"column right\">\nIl mio nome \u00e8 Lina Wilfert. Vivo con la mia famiglia in Alta Baviera e dai tempi del mio soggiorno in Italia dopo la maturit\u00e0 ho molti amici in Italia.<\/p>\n<p>La scuola Leonardo da Vinci mi d\u00e0 l\u2019opportunit\u00e0 di raccogliere diverse esperienze relative a questo Progetto scuola \u2013senza precedenti per la Baviera- dal quale mi faccio coinvolgere con grande gioia.\n<\/p><\/div>\n<\/div>\n<p>[\/et_pb_accordion_item][et_pb_accordion_item title=&#8221;Veronica Genesi &#8211; Assistente educativo&#8221; _builder_version=&#8221;4.25.2&#8243; _module_preset=&#8221;default&#8221; custom_margin=&#8221;0px||2px||false|false&#8221; global_colors_info=&#8221;{}&#8221; open=&#8221;off&#8221;]<\/p>\n<div class=\"row\">\n<div class=\"column left\"><img decoding=\"async\" src=\"\/wp-content\/uploads\/2024\/06\/Veronica-Genesi-1.jpg\" alt=\"Veronica Genesi\" \/><\/div>\n<div class=\"column right\">\n<p>Dopo una vita passata a Milano ho scelto di venire a Monaco con mio marito e mia figlia per un\u2019esperienza internazionale e perch\u00e9 credo nel progetto Europeo.<\/p>\n<p>Ho una laurea in tecnica dell&#8217;educazione e della riabilitazione psichiatrica e psicosociale e mi occupo da sempre di mediazione e integrazione all&#8217;interno delle scuole, strutturando percorsi mirati in collaborazione con insegnanti e specialisti di riferimento.<\/p>\n<p>Qui alla Leonardo da Vinci ho la possibilit\u00e0 di confrontarmi con integrazione e bilinguismo, una nuova sfida che sono lieta di affrontare.<\/p>\n<\/div>\n<\/div>\n<p>[\/et_pb_accordion_item][et_pb_accordion_item title=&#8221;Rosita Niceforo &#8211; Assistente educativo &#8221; _builder_version=&#8221;4.25.2&#8243; _module_preset=&#8221;default&#8221; custom_margin=&#8221;0px||2px||false|false&#8221; global_colors_info=&#8221;{}&#8221; open=&#8221;off&#8221;]<\/p>\n<div class=\"row\">\n<div class=\"column left\"><img decoding=\"async\" src=\"\/wp-content\/uploads\/2024\/06\/Rosita-Niceforo.jpg\" alt=\"Rosita Niceforo\" \/><\/div>\n<div class=\"column right\">\n<p>Originaria di Stignano, piccolo paese della Locride, mi sono trasferita a Roma dove ho conseguito prima la laurea magistrale in scienza dell\u2019Educazione e successivamente quella in<br \/>Scienze della Formazione Primaria.<br \/>Terminato il primo ciclo di studi ho iniziato quella che sarebbe diventata una decennale esperienza lavorativa come educatrice presso l&#8217;Associazione Italiana Persone Down. Prima realt\u00e0 italiana dedicata esclusivamente a soggetti affetti da Sindrome di Down in termini di numeri e distribuzione sul territorio. I progetti presso cui ho lavorato riguardavano diversi settori: inserimenti lavorativi, tirocini e sviluppo dell\u2019autonomia in diversi settori della vita quotidiana.<\/p>\n<p>Nel 2014 ho deciso di raggiungere mio marito a Monaco di Baviera. Il trasferimento mi ha permesso di confrontarmi con una nuova realt\u00e0 per tanti aspetti molto diversa da quella italiana.<\/p>\n<p>Il lavoro presso la scuola Leonardo da Vinci mi permette di mettere in campo tutte le mie competenze e la mia esperienza acquisite in questi anni e soprattutto mi d\u00e0 l\u2019opportunit\u00e0 di poter continuare a lavorare per l\u2019inclusione delle persone diversamente abili in ambito scolastico.<br \/>Sono fermamente convinta che il termine \u2018inclusione\u2019 esprima un concetto molto semplice, ma allo stesso tempo molto importante per la nostra societ\u00e0: a tutte le persone devono essere garantiti gli stessi diritti e possibilit\u00e0 in qualsiasi ambito sociale ed istituzionale.<\/p>\n<\/div>\n<\/div>\n<p>[\/et_pb_accordion_item][et_pb_accordion_item title=&#8221;Dr. Massimo Bertolin &#8211; Assistente educativo &#8221; _builder_version=&#8221;4.27.5&#8243; _module_preset=&#8221;default&#8221; custom_margin=&#8221;0px||2px||false|false&#8221; global_colors_info=&#8221;{}&#8221; open=&#8221;off&#8221;]<\/p>\n<div class=\"row\">\n<div class=\"column left\"><img decoding=\"async\" src=\"\/wp-content\/uploads\/2025\/11\/MB_foto.jpg\" alt=\"Massimo Bertolin\" \/><\/div>\n<div class=\"column right\">\n<p>La mia formazione universitaria, sviluppata nell\u2019ambito delle scienze sociali tra l\u2019Universit\u00e0 di Padova e la Newcastle University nel Regno Unito, mi ha fornito una solida base teorica e metodologica. Nella prima fase della mia carriera ho lavorato come ricercatore universitario, conseguendo un dottorato di ricerca in geografia urbana presso il GSSI e proseguendo poi la mia attivit\u00e0 accademica in Germania, alla LMU di Monaco di Baviera.<\/p>\n<p>Oggi, nella seconda fase del mio percorso professionale, ho scelto di mettere al centro la mia autentica vocazione: l\u2019insegnamento. Trasferire conoscenza, accompagnare gli studenti nel loro cammino e contribuire alla loro crescita personale e accademica rappresenta per me un impegno profondo e una fonte di grande soddisfazione. Alla LDV mi dedico a creare un ambiente educativo basato sul rispetto e sulla fiducia, incoraggiando ogni studente a riconoscere e sviluppare pienamente il proprio potenziale.<\/p>\n<\/div>\n<\/div>\n<p>[\/et_pb_accordion_item][\/et_pb_accordion][\/et_pb_column][\/et_pb_row][\/et_pb_section]<\/p>\n","protected":false},"excerpt":{"rendered":"<p>I nostri insegnanti del GymnasiumL&#8217;insegnamento bilingue al Gymnasium \u00e8 garantito da un concetto di insegnamento del tutto particolare, da un quadro orario strutturato di conseguenza e da un team di [&hellip;]<\/p>\n","protected":false},"author":1,"featured_media":0,"parent":0,"menu_order":0,"comment_status":"closed","ping_status":"closed","template":"","meta":{"_et_pb_use_builder":"on","_et_pb_old_content":"","_et_gb_content_width":"","_price":"","_stock":"","_tribe_ticket_header":"","_tribe_default_ticket_provider":"","_tribe_ticket_capacity":"0","_ticket_start_date":"","_ticket_end_date":"","_tribe_ticket_show_description":"","_tribe_ticket_show_not_going":false,"_tribe_ticket_use_global_stock":"","_tribe_ticket_global_stock_level":"","_global_stock_mode":"","_global_stock_cap":"","_tribe_rsvp_for_event":"","_tribe_ticket_going_count":"","_tribe_ticket_not_going_count":"","_tribe_tickets_list":"[]","_tribe_ticket_has_attendee_info_fields":false,"footnotes":"","_tec_slr_enabled":"","_tec_slr_layout":""},"dipi_cpt_category":[],"class_list":["post-26017649","page","type-page","status-publish","hentry"],"ticketed":false,"_links":{"self":[{"href":"https:\/\/ldv-muenchen.de\/it\/wp-json\/wp\/v2\/pages\/26017649","targetHints":{"allow":["GET"]}}],"collection":[{"href":"https:\/\/ldv-muenchen.de\/it\/wp-json\/wp\/v2\/pages"}],"about":[{"href":"https:\/\/ldv-muenchen.de\/it\/wp-json\/wp\/v2\/types\/page"}],"author":[{"embeddable":true,"href":"https:\/\/ldv-muenchen.de\/it\/wp-json\/wp\/v2\/users\/1"}],"replies":[{"embeddable":true,"href":"https:\/\/ldv-muenchen.de\/it\/wp-json\/wp\/v2\/comments?post=26017649"}],"version-history":[{"count":8,"href":"https:\/\/ldv-muenchen.de\/it\/wp-json\/wp\/v2\/pages\/26017649\/revisions"}],"predecessor-version":[{"id":26021708,"href":"https:\/\/ldv-muenchen.de\/it\/wp-json\/wp\/v2\/pages\/26017649\/revisions\/26021708"}],"wp:attachment":[{"href":"https:\/\/ldv-muenchen.de\/it\/wp-json\/wp\/v2\/media?parent=26017649"}],"wp:term":[{"taxonomy":"dipi_cpt_category","embeddable":true,"href":"https:\/\/ldv-muenchen.de\/it\/wp-json\/wp\/v2\/dipi_cpt_category?post=26017649"}],"curies":[{"name":"wp","href":"https:\/\/api.w.org\/{rel}","templated":true}]}}