{"id":26017486,"date":"2024-05-19T15:23:09","date_gmt":"2024-05-19T13:23:09","guid":{"rendered":"https:\/\/stage.ldv-muenchen.de\/besonders-an-der-ldv\/"},"modified":"2024-06-27T17:10:03","modified_gmt":"2024-06-27T15:10:03","slug":"in-particolare-alla-ldv","status":"publish","type":"page","link":"https:\/\/ldv-muenchen.de\/it\/in-particolare-alla-ldv\/","title":{"rendered":"In particolare alla LDV"},"content":{"rendered":"<p>[et_pb_section fb_built=&#8221;1&#8243; fullwidth=&#8221;on&#8221; admin_label=&#8221;Top Header&#8221; _builder_version=&#8221;4.25.1&#8243; _module_preset=&#8221;default&#8221; background_color=&#8221;RGBA(255,255,255,0)&#8221; background_enable_image=&#8221;off&#8221; global_colors_info=&#8221;{}&#8221;][et_pb_fullwidth_slider _builder_version=&#8221;4.25.2&#8243; _module_preset=&#8221;default&#8221; content_width=&#8221;100%&#8221; content_max_width=&#8221;1280px&#8221; global_colors_info=&#8221;{}&#8221;][et_pb_slide _builder_version=&#8221;4.25.2&#8243; _module_preset=&#8221;default&#8221; header_font=&#8221;PT Sans Narrow||||||||&#8221; header_text_align=&#8221;left&#8221; header_line_height=&#8221;1.3em&#8221; background_color=&#8221;RGBA(255,255,255,0)&#8221; background_enable_color=&#8221;on&#8221; background_image=&#8221;https:\/\/ldv-muenchen.de\/wp-content\/uploads\/2024\/06\/profil-italienische-schule-muenchen.jpg&#8221; background_enable_image=&#8221;on&#8221; custom_button=&#8221;on&#8221; button_text_size=&#8221;16px&#8221; button_text_color=&#8221;#FFFFFF&#8221; button_bg_color=&#8221;#0C71C3&#8243; button_border_width=&#8221;2px&#8221; button_border_color=&#8221;#0C71C3&#8243; button_font=&#8221;PT Sans Narrow||||||||&#8221; button_use_icon=&#8221;on&#8221; button_icon=&#8221;&#x24;||divi||400&#8243; button_icon_color=&#8221;#FFFFFF&#8221; button_on_hover=&#8221;on&#8221; button_alignment=&#8221;left&#8221; text_orientation=&#8221;left&#8221; global_colors_info=&#8221;{}&#8221; sticky_transition=&#8221;on&#8221;][\/et_pb_slide][\/et_pb_fullwidth_slider][\/et_pb_section][et_pb_section fb_built=&#8221;1&#8243; admin_label=&#8221;Inhalt 2\/3 :1\/3&#8243; _builder_version=&#8221;4.25.0&#8243; _module_preset=&#8221;default&#8221; global_colors_info=&#8221;{}&#8221;][et_pb_row use_custom_gutter=&#8221;on&#8221; _builder_version=&#8221;4.25.1&#8243; _module_preset=&#8221;default&#8221; custom_margin=&#8221;||0px||false|false&#8221; custom_padding=&#8221;||0px||false|false&#8221; global_colors_info=&#8221;{}&#8221;][et_pb_column type=&#8221;4_4&#8243; _builder_version=&#8221;4.24.3&#8243; _module_preset=&#8221;default&#8221; global_colors_info=&#8221;{}&#8221;][et_pb_text _builder_version=&#8221;4.25.2&#8243; _module_preset=&#8221;default&#8221; header_font=&#8221;PT Sans Narrow||||||||&#8221; header_line_height=&#8221;1.3em&#8221; global_colors_info=&#8221;{}&#8221;]<\/p>\n<h1>Dalla scuola primaria alla maturit\u00e0<\/h1>\n<p>[\/et_pb_text][\/et_pb_column][\/et_pb_row][et_pb_row column_structure=&#8221;1_2,1_2&#8243; use_custom_gutter=&#8221;on&#8221; _builder_version=&#8221;4.25.1&#8243; _module_preset=&#8221;default&#8221; custom_padding=&#8221;0px||||false|false&#8221; global_colors_info=&#8221;{}&#8221;][et_pb_column type=&#8221;1_2&#8243; _builder_version=&#8221;4.24.3&#8243; _module_preset=&#8221;default&#8221; global_colors_info=&#8221;{}&#8221;][et_pb_text _builder_version=&#8221;4.25.2&#8243; _module_preset=&#8221;default&#8221; global_colors_info=&#8221;{}&#8221;]<\/p>\n<p>Alla Leonardo da Vinci offriamo un&#8217;educazione complessiva profonda e coerente, dalla scuola primaria alla scuola superiore, con un&#8217;ampia variet\u00e0 di opportunit\u00e0 di qualifiche alternative. Si consiglia quindi di seguire l&#8217;intero percorso formativo alla Leonardo da Vinci, mantenendo con le stesse condizioni favorevoli e vantaggiose dalla prima classe fino all\u2019acquisizione del diploma.<\/p>\n<p>I nostri alunni mantengono quindi tra la scuola primaria e l\u20198\u00b0 classe al liceo, le condizioni ottimali di apprendimento del loro ambiente familiare per poter esplorare i loro talenti senza specializzazioni premature, mantenendo il programma previsto dal sistema scolastico bavarese.<\/p>\n<p>Dall&#8217;8\u00b0 classe in poi, l&#8217;attenzione educativa \u00e8 sempre pi\u00f9 rivolta allo sviluppo della personalit\u00e0 e orientata all\u2019acquisizione del diploma. Nel fare ci\u00f2, si presta attenzione anche all&#8217;orientamento professionale di ogni singolo. L&#8217;individualit\u00e0 dei diversi approcci di apprendimento e dei talenti \u00e8 tenuta in debita considerazione attraverso attivit\u00e0 di supporto e di coaching.<\/p>\n<p>Attraverso uno speciale concetto di insegnamento con curricula adeguatamente strutturati e opportunit\u00e0 di diploma statale, ci sono, oltre alla Maturit\u00e0, diversi percorsi alternativi per una conclusione di successo del percorso scolastico, che corrispondono alle prestazioni e alle inclinazioni di ogni singolo alunno.<\/p>\n<p>[\/et_pb_text][\/et_pb_column][et_pb_column type=&#8221;1_2&#8243; _builder_version=&#8221;4.24.3&#8243; _module_preset=&#8221;default&#8221; global_colors_info=&#8221;{}&#8221;][et_pb_image src=&#8221;https:\/\/ldv-muenchen.de\/wp-content\/uploads\/2024\/06\/iStock-1409722748-scaled.jpg&#8221; title_text=&#8221;Students raising hands while teacher asking them questions in classroom&#8221; _builder_version=&#8221;4.25.2&#8243; _module_preset=&#8221;default&#8221; global_colors_info=&#8221;{}&#8221;][\/et_pb_image][\/et_pb_column][\/et_pb_row][\/et_pb_section][et_pb_section fb_built=&#8221;1&#8243; admin_label=&#8221;Registerkarten&#8221; _builder_version=&#8221;4.25.1&#8243; _module_preset=&#8221;default&#8221; background_color=&#8221;#f2f2f2&#8243; background_image=&#8221;https:\/\/ldv-muenchen.de\/wp-content\/uploads\/2024\/06\/welle_orange_1920.jpg&#8221; parallax=&#8221;on&#8221; global_colors_info=&#8221;{}&#8221;][et_pb_row _builder_version=&#8221;4.25.1&#8243; _module_preset=&#8221;default&#8221; width_tablet=&#8221;90%&#8221; width_phone=&#8221;90%&#8221; width_last_edited=&#8221;on|tablet&#8221; custom_margin=&#8221;|auto||auto|false|false&#8221; global_colors_info=&#8221;{}&#8221;][et_pb_column type=&#8221;4_4&#8243; _builder_version=&#8221;4.16&#8243; _module_preset=&#8221;default&#8221; global_colors_info=&#8221;{}&#8221;][et_pb_text _builder_version=&#8221;4.25.2&#8243; _module_preset=&#8221;default&#8221; header_font=&#8221;PT Sans Narrow||||||||&#8221; header_text_color=&#8221;#FFFFFF&#8221; header_line_height=&#8221;1.3em&#8221; header_2_font=&#8221;PT Sans Narrow||||||||&#8221; header_2_text_color=&#8221;#FFFFFF&#8221; header_2_font_size=&#8221;30px&#8221; header_2_line_height=&#8221;1.3em&#8221; background_color=&#8221;RGBA(255,255,255,0)&#8221; global_colors_info=&#8221;{}&#8221;]<\/p>\n<h2>Nessun percorso senza una qualifica \u2013 5 possibili diplomi nella scuola bavarese:<\/h2>\n<p>[\/et_pb_text][dipi_advanced_tabs tab_animation=&#8221;fadeInUpShort&#8221; dipi_animation_duration=&#8221;600&#8243; activate_on_hover=&#8221;on&#8221; enable_tabs_slider=&#8221;on&#8221; enable_ts_on_pho=&#8221;on&#8221; tabs_per_view_pho=&#8221;1&#8243; ts_navigation_pho=&#8221;on&#8221; ts_navigation_vertical_position_pho=&#8221;40&#8243; ts_navigation_horizontal_position_pho=&#8221;15&#8243; tabs_max_width=&#8221;20%&#8221; tabs_min_width_tablet=&#8221;&#8221; tabs_max_width_tablet=&#8221;20%&#8221; use_tabs_fullwidth_phone=&#8221;on&#8221; tabs_min_width_phone=&#8221;100%&#8221; tabs_max_width_phone=&#8221;100%&#8221; tabs_placement_phone=&#8221;column&#8221; tabs_container_padding=&#8221;0px|0px|0px|0px|false|false&#8221; tabs_container_margin=&#8221;0px|0px|0px|0px|false|false&#8221; tabs_item_padding=&#8221;20px|10px|20px|10px|false|false&#8221; tabs_active_item_padding=&#8221;20px|10px|20px|10px|false|false&#8221; content_padding=&#8221;60px|60px|60px|60px|false|false&#8221; content_margin=&#8221;0px|0px|0px|0px|false|false&#8221; use_active_arrow=&#8221;off&#8221; content_bg_color=&#8221;#FFFFFF&#8221; tabs_bg_color=&#8221;#f4f4f4&#8243; tabs_item_bg_color=&#8221;rgba(255,255,255,0)&#8221; tabs_item_active_bg_color=&#8221;#FFFFFF&#8221; navigation_prev_icon_yn=&#8221;on&#8221; navigation_prev_icon=&#8221;&#x23;||divi||400&#8243; navigation_next_icon_yn=&#8221;on&#8221; navigation_next_icon=&#8221;&#x24;||divi||400&#8243; navigation_size=&#8221;15&#8243; navigation_padding=&#8221;18&#8243; navigation_color=&#8221;rgba(0,0,0,0.26)&#8221; navigation_bg_color=&#8221;rgba(10,2,2,0.05)&#8221; navigation_circle=&#8221;on&#8221; content_padding_tablet=&#8221;80px|80px|80px|80px|false|false&#8221; content_padding_phone=&#8221;40px|20px|40px|20px|false|false&#8221; content_padding_last_edited=&#8221;on|phone&#8221; tabs_bg_color_tablet=&#8221;#f4f4f4&#8243; tabs_bg_color_phone=&#8221;#f4f4f4&#8243; tabs_bg_color_last_edited=&#8221;on|phone&#8221; tabs_item_bg_color_tablet=&#8221;rgba(255,255,255,0)&#8221; tabs_item_bg_color_phone=&#8221;#f4f4f4&#8243; tabs_item_bg_color_last_edited=&#8221;on|phone&#8221; tabs_item_active_bg_color_tablet=&#8221;#FFFFFF&#8221; tabs_item_active_bg_color_phone=&#8221;#f4f4f4&#8243; tabs_item_active_bg_color_last_edited=&#8221;on|phone&#8221; _builder_version=&#8221;4.25.2&#8243; _module_preset=&#8221;default&#8221; title_font=&#8221;Montserrat|600|||||||&#8221; title_text_align=&#8221;center&#8221; title_text_color=&#8221;rgba(21,2,42,0.3)&#8221; title_active_font=&#8221;PT Sans Narrow|600|||||||&#8221; title_active_text_align=&#8221;center&#8221; title_active_text_color=&#8221;#0c71c3&#8243; subtitle_font=&#8221;PT Sans Narrow||||||||&#8221; header_font=&#8221;PT Sans Narrow||||||||&#8221; border_radii_tabs_wrapper=&#8221;on||||&#8221; border_width_all_tabs_wrapper=&#8221;0px&#8221; border_width_top_tabs_item=&#8221;6px&#8221; border_color_top_tabs_item=&#8221;RGBA(255,255,255,0)&#8221; border_width_top_tabs_item_active=&#8221;6px&#8221; border_color_top_tabs_item_active=&#8221;#0c71c3&#8243; global_colors_info=&#8221;{}&#8221; tabs_min_width_last_edited=&#8221;on|phone&#8221; tabs_max_width_last_edited=&#8221;on|desktop&#8221; tabs_item_bg_color__hover_enabled=&#8221;on|desktop&#8221; tabs_item_bg_color__hover=&#8221;rgba(255,255,255,0.25)&#8221; tabs_item_bg_enable_color__hover=&#8221;on&#8221; tabs_item_bg_enable_color_phone=&#8221;on&#8221; tabs_item_active_bg_enable_color_phone=&#8221;on&#8221;][dipi_advanced_tabs_item title=&#8221;Il nostro percorso principale&#8221; admin_label=&#8221;Unser Hauptweg&#8221; icon_color=&#8221;rgba(21,2,42,0.3)&#8221; icon_size=&#8221;30px&#8221; icon_color_active=&#8221;#0c71c3&#8243; icon_size_active=&#8221;30px&#8221; tab_media=&#8221;icon&#8221; font_icon=&#8221;R||divi||400&#8243; font_icon_active=&#8221;\uf2bd||fa||400&#8243; tab_icon_placement=&#8221;top&#8221; tab_icon_placement_phone=&#8221;top&#8221; _builder_version=&#8221;4.25.2&#8243; _module_preset=&#8221;default&#8221; title_font=&#8221;PT Sans Narrow|600|||||||&#8221; title_font_size=&#8221;20px&#8221; subtitle_font=&#8221;Trebuchet||||||||&#8221; subtitle_font_size=&#8221;14px&#8221; text_text_align=&#8221;center&#8221; text_text_color=&#8221;#15022A&#8221; text_line_height=&#8221;1.9em&#8221; custom_margin=&#8221;||0px||false|false&#8221; global_colors_info=&#8221;{}&#8221;]<\/p>\n<p>&#8230;raggiungimento del diploma di maturit\u00e0 bavarese (durata: 13 anni)<\/p>\n<p>[\/dipi_advanced_tabs_item][dipi_advanced_tabs_item title=&#8221;Alternativa #2&#8243; admin_label=&#8221;Alternativ zum Abitur&#8221; icon_color=&#8221;rgba(21,2,42,0.3)&#8221; icon_size=&#8221;30px&#8221; icon_color_active=&#8221;#0c71c3&#8243; icon_size_active=&#8221;30px&#8221; tab_media=&#8221;icon&#8221; font_icon=&#8221;R||divi||400&#8243; font_icon_active=&#8221;\uf2bd||fa||400&#8243; tab_icon_placement=&#8221;top&#8221; tab_icon_placement_phone=&#8221;top&#8221; _builder_version=&#8221;4.25.2&#8243; _module_preset=&#8221;default&#8221; title_font=&#8221;PT Sans Narrow|600|||||||&#8221; title_font_size=&#8221;20px&#8221; subtitle_font=&#8221;Trebuchet||||||||&#8221; subtitle_font_size=&#8221;14px&#8221; text_text_align=&#8221;center&#8221; text_text_color=&#8221;#15022A&#8221; text_line_height=&#8221;1.9em&#8221; custom_margin=&#8221;||0px||false|false&#8221; global_colors_info=&#8221;{}&#8221;]<\/p>\n<p>&#8230;raggiungimento della qualifica MSA (alla fine della 10a classe)<\/p>\n<p>[\/dipi_advanced_tabs_item][dipi_advanced_tabs_item title=&#8221;Alternativa #3&#8243; admin_label=&#8221;Alternative #2&#8243; icon_color=&#8221;rgba(21,2,42,0.3)&#8221; icon_size=&#8221;30px&#8221; icon_color_active=&#8221;#0c71c3&#8243; icon_size_active=&#8221;30px&#8221; tab_media=&#8221;icon&#8221; font_icon=&#8221;R||divi||400&#8243; font_icon_active=&#8221;\uf2bd||fa||400&#8243; tab_icon_placement=&#8221;top&#8221; tab_icon_placement_phone=&#8221;top&#8221; _builder_version=&#8221;4.25.2&#8243; _module_preset=&#8221;default&#8221; title_font=&#8221;PT Sans Narrow|600|||||||&#8221; title_font_size=&#8221;20px&#8221; subtitle_font=&#8221;Trebuchet||||||||&#8221; subtitle_font_size=&#8221;14px&#8221; text_text_align=&#8221;center&#8221; text_text_color=&#8221;#15022A&#8221; text_line_height=&#8221;1.9em&#8221; custom_margin=&#8221;||0px||false|false&#8221; global_colors_info=&#8221;{}&#8221;]<\/p>\n<p>&#8230;raggiungimento della qualifica EMA (alla fine della 9aclasse) con la possibilit\u00e0 di iniziare un percorso di formazione professionale nel sistema duale<\/p>\n<p>[\/dipi_advanced_tabs_item][dipi_advanced_tabs_item title=&#8221;Alternativa #4&#8243; admin_label=&#8221;Alternative #3&#8243; icon_color=&#8221;rgba(21,2,42,0.3)&#8221; icon_size=&#8221;30px&#8221; icon_color_active=&#8221;#0c71c3&#8243; icon_size_active=&#8221;30px&#8221; tab_media=&#8221;icon&#8221; font_icon=&#8221;R||divi||400&#8243; font_icon_active=&#8221;\uf2bd||fa||400&#8243; tab_icon_placement=&#8221;top&#8221; tab_icon_placement_phone=&#8221;top&#8221; _builder_version=&#8221;4.25.2&#8243; _module_preset=&#8221;default&#8221; title_font=&#8221;PT Sans Narrow|600|||||||&#8221; title_font_size=&#8221;20px&#8221; subtitle_font=&#8221;Trebuchet||||||||&#8221; subtitle_font_size=&#8221;14px&#8221; text_text_align=&#8221;center&#8221; text_text_color=&#8221;#15022A&#8221; text_line_height=&#8221;1.9em&#8221; custom_margin=&#8221;||0px||false|false&#8221; global_colors_info=&#8221;{}&#8221;]<\/p>\n<p>&#8230;raggiungimento del titolo di studio QUALI alla fine della 9a classe, con le seguenti possibilit\u00e0:<br \/>-passaggio ad un percorso di formazione professionale nel sistema duale<br \/>-accesso alla 10a classe per il conseguimento della qualifica MSA<\/p>\n<p>&nbsp;<\/p>\n<p>[\/dipi_advanced_tabs_item][dipi_advanced_tabs_item title=&#8221;Alternativa #5&#8243; admin_label=&#8221;Alternative #4&#8243; icon_color=&#8221;rgba(21,2,42,0.3)&#8221; icon_size=&#8221;30px&#8221; icon_color_active=&#8221;#0c71c3&#8243; icon_size_active=&#8221;30px&#8221; tab_media=&#8221;icon&#8221; font_icon=&#8221;R||divi||400&#8243; font_icon_active=&#8221;\uf2bd||fa||400&#8243; tab_icon_placement=&#8221;top&#8221; tab_icon_placement_phone=&#8221;top&#8221; _builder_version=&#8221;4.25.2&#8243; _module_preset=&#8221;default&#8221; title_font=&#8221;PT Sans Narrow|600|||||||&#8221; title_font_size=&#8221;20px&#8221; subtitle_font=&#8221;Trebuchet||||||||&#8221; subtitle_font_size=&#8221;14px&#8221; text_text_align=&#8221;center&#8221; text_text_color=&#8221;#15022A&#8221; text_line_height=&#8221;1.9em&#8221; custom_margin=&#8221;||0px||false|false&#8221; global_colors_info=&#8221;{}&#8221;]<\/p>\n<p>&#8230;raggiungimento della qualifica MSA alla fine della 10a classe, con le seguenti possibilit\u00e0:<br \/>-passaggio ad un percorso di formazione professionale nel sistema duale<br \/>-passaggio ad una FOS per il conseguimento della \u201cmaturit\u00e0 tecnica\u201d (Fachhochschulreife)<\/p>\n<p>[\/dipi_advanced_tabs_item][\/dipi_advanced_tabs][\/et_pb_column][\/et_pb_row][et_pb_row _builder_version=&#8221;4.25.1&#8243; _module_preset=&#8221;default&#8221; background_color=&#8221;RGBA(255,255,255,0)&#8221; custom_margin=&#8221;0px||0px||false|false&#8221; custom_padding=&#8221;0px||0px||false|false&#8221; global_colors_info=&#8221;{}&#8221;][et_pb_column type=&#8221;4_4&#8243; _builder_version=&#8221;4.25.1&#8243; _module_preset=&#8221;default&#8221; global_colors_info=&#8221;{}&#8221;][et_pb_text _builder_version=&#8221;4.25.2&#8243; _module_preset=&#8221;default&#8221; background_color=&#8221;#FFFFFF&#8221; custom_padding=&#8221;30px|30px|30px|30px|false|false&#8221; global_colors_info=&#8221;{}&#8221;]<\/p>\n<h4><strong>Opzione #6: la maturit\u00e0 bavarese rimettendosi in pista<\/strong><\/h4>\n<p><strong>Non \u00e8 mai troppo tardi!<\/strong> \u2013 per chi scopre i propri talenti un po\u2019 pi\u00f9 tardi e necessita di pi\u00f9 tempo per individuare la propria strada, \u00e8 possibile rimettersi in pista direzione maturit\u00e0 grazie al nuovo anno ponte costituito dalla classe 11a!<\/p>\n<p>[\/et_pb_text][\/et_pb_column][\/et_pb_row][\/et_pb_section][et_pb_section fb_built=&#8221;1&#8243; admin_label=&#8221;Inhalt 1\/2 :1\/2 HG grau&#8221; _builder_version=&#8221;4.25.1&#8243; _module_preset=&#8221;default&#8221; background_color=&#8221;#FFFFFF&#8221; global_colors_info=&#8221;{}&#8221;][et_pb_row use_custom_gutter=&#8221;on&#8221; _builder_version=&#8221;4.25.1&#8243; _module_preset=&#8221;default&#8221; custom_margin=&#8221;||0px||false|false&#8221; custom_padding=&#8221;||0px||false|false&#8221; global_colors_info=&#8221;{}&#8221;][et_pb_column type=&#8221;4_4&#8243; _builder_version=&#8221;4.24.3&#8243; _module_preset=&#8221;default&#8221; global_colors_info=&#8221;{}&#8221;][et_pb_text _builder_version=&#8221;4.25.2&#8243; _module_preset=&#8221;default&#8221; header_font=&#8221;PT Sans Narrow||||||||&#8221; header_line_height=&#8221;1.3em&#8221; header_2_font=&#8221;PT Sans Narrow||||||||&#8221; header_2_font_size=&#8221;30px&#8221; header_2_line_height=&#8221;1.3em&#8221; background_color=&#8221;RGBA(255,255,255,0)&#8221; global_colors_info=&#8221;{}&#8221;]<\/p>\n<h2><b>Voce in capitolo<\/b><\/h2>\n<p>[\/et_pb_text][\/et_pb_column][\/et_pb_row][et_pb_row column_structure=&#8221;1_2,1_2&#8243; use_custom_gutter=&#8221;on&#8221; _builder_version=&#8221;4.25.1&#8243; _module_preset=&#8221;default&#8221; custom_padding=&#8221;0px||||false|false&#8221; global_colors_info=&#8221;{}&#8221;][et_pb_column type=&#8221;1_2&#8243; _builder_version=&#8221;4.24.3&#8243; _module_preset=&#8221;default&#8221; global_colors_info=&#8221;{}&#8221;][et_pb_text _builder_version=&#8221;4.25.2&#8243; _module_preset=&#8221;default&#8221; custom_margin=&#8221;||||true|false&#8221; global_colors_info=&#8221;{}&#8221;]<\/p>\n<p>Solo insieme possiamo fare la differenza!<\/p>\n<p>Alla LDV, genitori e alunni, insieme agli insegnanti e al personale scolastico, garantiscono condizioni di apprendimento ideali e l&#8217;attuazione di successo dei progetti scolastici. Per garantire a tutti il diritto di avere voce in capitolo e per rispondere alle esigenze di un mondo moderno in cui la mobilit\u00e0 e la flessibilit\u00e0 sono fondamentali, l&#8217;interazione tra i genitori della LDV, durante le serate per i genitori, i consigli pedagogici e l\u2019orario di ricevimento, avviene principalmente online.<\/p>\n<p>Insieme daremo forma al futuro del nostro istituto scolastico!<\/p>\n<p>[\/et_pb_text][\/et_pb_column][et_pb_column type=&#8221;1_2&#8243; _builder_version=&#8221;4.24.3&#8243; _module_preset=&#8221;default&#8221; global_colors_info=&#8221;{}&#8221;][et_pb_image src=&#8221;https:\/\/ldv-muenchen.de\/wp-content\/uploads\/2024\/06\/mitspracherecht.jpg&#8221; title_text=&#8221;mitspracherecht&#8221; _builder_version=&#8221;4.25.2&#8243; _module_preset=&#8221;default&#8221; global_colors_info=&#8221;{}&#8221;][\/et_pb_image][\/et_pb_column][\/et_pb_row][et_pb_row _builder_version=&#8221;4.25.1&#8243; _module_preset=&#8221;default&#8221; custom_margin=&#8221;||||false|false&#8221; custom_padding=&#8221;||10px||false|false&#8221; global_colors_info=&#8221;{}&#8221;][et_pb_column type=&#8221;4_4&#8243; _builder_version=&#8221;4.25.1&#8243; _module_preset=&#8221;default&#8221; global_colors_info=&#8221;{}&#8221;][et_pb_text _builder_version=&#8221;4.25.2&#8243; _module_preset=&#8221;default&#8221; header_font=&#8221;PT Sans Narrow||||||||&#8221; header_line_height=&#8221;1.3em&#8221; header_2_font=&#8221;PT Sans Narrow||||||||&#8221; header_2_font_size=&#8221;30px&#8221; header_2_line_height=&#8221;1.3em&#8221; background_color=&#8221;RGBA(255,255,255,0)&#8221; global_colors_info=&#8221;{}&#8221;]<\/p>\n<h2>Organi scolastici<\/h2>\n<p>[\/et_pb_text][\/et_pb_column][\/et_pb_row][et_pb_row _builder_version=&#8221;4.25.1&#8243; _module_preset=&#8221;default&#8221; custom_padding=&#8221;0px||||false|false&#8221; global_colors_info=&#8221;{}&#8221;][et_pb_column type=&#8221;4_4&#8243; _builder_version=&#8221;4.25.1&#8243; _module_preset=&#8221;default&#8221; global_colors_info=&#8221;{}&#8221;][et_pb_accordion open_toggle_text_color=&#8221;#0c71c3&#8243; closed_toggle_background_color=&#8221;#0c71c3&#8243; module_class=&#8221;my_accordion&#8221; _builder_version=&#8221;4.25.2&#8243; _module_preset=&#8221;default&#8221; toggle_text_color=&#8221;#FFFFFF&#8221; toggle_font=&#8221;PT Sans Narrow||||||||&#8221; toggle_font_size=&#8221;22px&#8221; hover_enabled=&#8221;0&#8243; border_color_all=&#8221;#0c71c3&#8243; global_colors_info=&#8221;{}&#8221; sticky_enabled=&#8221;0&#8243;][et_pb_accordion_item title=&#8221;Rappresentanti di classe&#8221; open=&#8221;on&#8221; _builder_version=&#8221;4.25.2&#8243; _module_preset=&#8221;default&#8221; custom_margin=&#8221;0px||2px||false|false&#8221; hover_enabled=&#8221;0&#8243; global_colors_info=&#8221;{}&#8221; sticky_enabled=&#8221;0&#8243;]<\/p>\n<p><span>I rappresentanti di classe, uno per classe nella scuola primaria a partire dalla classe terza, due per classe nella scuola secondaria, sono i principali intermediari tra gli studenti e gli organi collegiali della scuola. Fare il rappresentante di classe \u00e8 un servizio che viene reso agli altri compagni e alla scuola. \u00c8 importante che la voce dei ragazzi si faccia sentire all\u2019interno della scuola per collaborare, proporre e costruire insieme la realt\u00e0 fisica ed emozionale in cui vivono una grande parte del loro tempo. I rappresentanti di classe vengono eletti una volta all\u2019anno. Le elezioni hanno luogo all\u2019inizio dell\u2019anno scolastico. Tutti i ragazzi sono elettori e tutti sono eleggibili. <\/span><\/p>\n<p><span>Il rappresentante di classe rimane in carica per tutto l\u2019anno scolastico.<\/span><\/p>\n<p>[\/et_pb_accordion_item][et_pb_accordion_item title=&#8221;Rappresentanti degli studenti&#8221; _builder_version=&#8221;4.25.2&#8243; _module_preset=&#8221;default&#8221; custom_margin=&#8221;0px||2px||false|false&#8221; global_colors_info=&#8221;{}&#8221; open=&#8221;off&#8221;]<\/p>\n<p><span>I tre rappresentanti degli studenti rappresentano gli studenti e si fanno portavoce dei loro interessi. Sono eletti dall&#8217;intero corpo studentesco all&#8217;inizio dell&#8217;anno scolastico. Sono anche tra gli studenti le persone di riferimento per la direzione della scuola, il personale docente, i rappresentanti dei genitori e l&#8217;amministrazione scolastica.<\/span><\/p>\n<p>[\/et_pb_accordion_item][et_pb_accordion_item title=&#8221;Comitato genitori&#8221; _builder_version=&#8221;4.25.2&#8243; _module_preset=&#8221;default&#8221; custom_margin=&#8221;0px||2px||false|false&#8221; global_colors_info=&#8221;{}&#8221; open=&#8221;off&#8221;]<\/p>\n<p><span>Il comitato genitori \u00e8 un organo collegiale composto dai rappresentanti di classe regolarmente eletti. Il comitato ha la funzione di raccogliere le idee e le proposte dei genitori. Permette ai genitori stessi di partecipare attivamente alla vita scolastica dei figli con proposte, raccolte fondi e iniziative atte a promuovere la scuola stessa.<\/span><\/p>\n<p>[\/et_pb_accordion_item][et_pb_accordion_item title=&#8221;Rappresentanti dei genitori&#8221; _builder_version=&#8221;4.25.2&#8243; _module_preset=&#8221;default&#8221; custom_margin=&#8221;0px||2px||false|false&#8221; global_colors_info=&#8221;{}&#8221; open=&#8221;off&#8221;]<\/p>\n<p><span>I rappresentanti dei genitori, sono i principali intermediari tra i genitori e gli organi della scuola. Fare il rappresentante dei genitori \u00e8 un servizio che viene reso agli altri genitori e alla scuola stessa. \u00c8 importante che la voce dei genitori si faccia sentire all\u2019interno della scuola per collaborare, proporre e costruire insieme la vita scolastica, per portare all\u2019attenzione dei docenti e del dirigente eventuali situazioni complesse e per cercare insieme soluzioni.<\/span><\/p>\n<p><span>I rappresentanti dei genitori sono eletti una volta all\u2019anno. Le elezioni hanno luogo in occasione della serata informativa all\u2019inizio dell\u2019anno scolastico. Ogni genitore ha diritto al proprio voto.<\/span><br \/><span>Tutti i genitori sono elettori e tutti sono eleggibili. Al fine di garantire a tutti la possibilit\u00e0 di svolgere questo importante compito, \u00e8 opportuno candidare un solo genitore per famiglia. Una volta eletti, i rappresentanti restano in carica fino all\u2019inizio dell\u2019anno seguente.<\/span><br \/><span><\/span><\/p>\n<p><span>I compiti principali dei rappresentanti sono:<\/span><br \/><span>partecipazione al consiglio pedagogico; comunicazione tra genitori e scuola su temi di carattere generale e o specifici inerenti la classe che rappresentano; elezione del presidente del comitato dei genitori; presenza ai ricevimenti con gli sponsor e con gli ospiti della scuola; contatto per messaggio di benvenuto con genitori arrivati in corso d\u2019anno nella classe di pertinenza; organizzazione delle feste a scuola (es. giornata informativa); organizzazione ed eventuale partecipazione dei gruppi di lavoro (es. mensa, biblioteca).<\/span><br \/><span>I rappresentanti dei genitori sono i referenti dei genitori della propria classe e gli interlocutori presso docenti e direzione. Insegnanti e direzione ricevono i singoli genitori esclusivamente per discutere situazioni inerenti il proprio figlio e non situazioni inerenti il gruppo classe.<\/span><br \/><span>I rappresentanti dei genitori si incontrano minimo tre volte l\u2019anno, in occasione dei consigli pedagogici.<\/span><\/p>\n<p><strong>PRESIDENTE DEL COMITATO DEI GENITORI:<\/strong><span>\u00a0<\/span><\/p>\n<p><span>Il presidente del comitato dei genitori,\u00a0uno per la scuola primaria, uno per la scuola secondaria \u00e8 il principale intermediario tra i rappresentanti dei genitori e il dirigente scolastico. Fare il presidente del comitato dei genitori \u00e8 un servizio che viene reso agli altri genitori e alla scuola. Il presidente del comitato viene eletto dai rappresentanti dei genitori.<\/span><br \/><span><\/span><\/p>\n<p><span>Una volta eletto, il presidente resta in carica due anni. L&#8217;incarico \u00e8 rinnovabile. <\/span><span><\/span><span>I compiti principali del presidente del comitato di genitori sono: partecipazione al consiglio pedagogico; partecipazione al consiglio di amministrazione; comunicazione tra rappresentanti dei genitori e dirigente scolastico su temi di carattere generale e\/o specifico inerenti un gruppo classe; presenza alle serate informative e in occasione di incontri con sponsor od ospiti; organizzazione delle feste a scuola (es. giornata informativa); organizzazione con i rappresentanti di classe di gruppi di lavoro (es. mensa, biblioteca).<\/span><\/p>\n<p>[\/et_pb_accordion_item][et_pb_accordion_item title=&#8221;Consiglio pedagogico&#8221; _builder_version=&#8221;4.25.2&#8243; _module_preset=&#8221;default&#8221; custom_margin=&#8221;0px||2px||false|false&#8221; global_colors_info=&#8221;{}&#8221; open=&#8221;off&#8221;]<\/p>\n<p><span>Il consiglio pedagogico costituisce il luogo in cui le diverse componenti scolastiche si incontrano per pianificare e valutare l&#8217;azione educativa e didattica.<\/span><\/p>\n<p><span>Il consiglio pedagogico \u00e8 composto dal dirigente scolastico, dai rappresentati dei docenti e da un rappresentante dei genitori per ciascuna delle classi.\u00a0<\/span><br \/><span>Il consiglio pedagogico \u00e8 presieduto dal dirigente scolastico (o da un docente suo delegato). <\/span><\/p>\n<p><span>II consiglio pedagogico si riunisce tre volte l\u2019anno, in orario non coincidente con l&#8217;orario delle lezioni.<\/span><br \/><span>In occasione del consiglio pedagogico viene stilato un verbale, che viene inviato a tutti i genitori e a tutti i docenti dopo essere stato tradotto e approvato dalla direzione.<\/span><\/p>\n<p>[\/et_pb_accordion_item][\/et_pb_accordion][\/et_pb_column][\/et_pb_row][\/et_pb_section][et_pb_section fb_built=&#8221;1&#8243; admin_label=&#8221;Inhalt 1\/2 :1\/2 HG grau&#8221; _builder_version=&#8221;4.25.1&#8243; _module_preset=&#8221;default&#8221; background_color=&#8221;#f2f2f2&#8243; global_colors_info=&#8221;{}&#8221;][et_pb_row use_custom_gutter=&#8221;on&#8221; _builder_version=&#8221;4.25.1&#8243; _module_preset=&#8221;default&#8221; custom_margin=&#8221;||0px||false|false&#8221; custom_padding=&#8221;||0px||false|false&#8221; global_colors_info=&#8221;{}&#8221;][et_pb_column type=&#8221;4_4&#8243; _builder_version=&#8221;4.24.3&#8243; _module_preset=&#8221;default&#8221; global_colors_info=&#8221;{}&#8221;][et_pb_text _builder_version=&#8221;4.25.2&#8243; _module_preset=&#8221;default&#8221; header_font=&#8221;PT Sans Narrow||||||||&#8221; header_line_height=&#8221;1.3em&#8221; header_2_font=&#8221;PT Sans Narrow||||||||&#8221; header_2_font_size=&#8221;30px&#8221; header_2_line_height=&#8221;1.3em&#8221; background_color=&#8221;RGBA(255,255,255,0)&#8221; global_colors_info=&#8221;{}&#8221;]<\/p>\n<h2>L&#8217;idea fondante: &#8220;Il meglio di due mondi&#8221; <\/h2>\n<p>[\/et_pb_text][\/et_pb_column][\/et_pb_row][et_pb_row column_structure=&#8221;1_2,1_2&#8243; use_custom_gutter=&#8221;on&#8221; _builder_version=&#8221;4.25.1&#8243; _module_preset=&#8221;default&#8221; custom_padding=&#8221;0px||||false|false&#8221; global_colors_info=&#8221;{}&#8221;][et_pb_column type=&#8221;1_2&#8243; _builder_version=&#8221;4.24.3&#8243; _module_preset=&#8221;default&#8221; global_colors_info=&#8221;{}&#8221;][et_pb_text _builder_version=&#8221;4.25.2&#8243; _module_preset=&#8221;default&#8221; global_colors_info=&#8221;{}&#8221;]<\/p>\n<p>\u2026 <strong>il 18 novembre 2013 era arrivato il momento:<\/strong> la Scuola Leonardo da Vinci veniva ufficialmente inaugurata dall\u2019allora Segretario di Stato bavarese per l&#8217;Istruzione, Georg Eisenreich, insieme al Console Generale d&#8217;Italia, Filippo Scammacca del Murgo &#8211; la prima (e ad oggi unica) scuola italo-tedesca in Baviera. L&#8217;associazione senza scopo di lucro BiDIBi e.V. si rivolgeva inizialmente alle famiglie italo-tedesche che volevano promuovere la lingua tedesca senza rinunciare alla lingua italiana.<\/p>\n<p>Cos\u00ec si \u00e8 iniziato nel quartiere di Obersendling, con 17 studenti, 4 piccole classi e 4 dipendenti. Con il tempo siamo diventati una scuola dinamica in cui il multilinguismo e la diversit\u00e0 sono valorizzati, sia per le famiglie italiane e tedesche sia per gli studenti di altre nazioni. Nel nuovo edificio nella Wolfratshauser Stra\u00dfe abbiamo ora 40 dipendenti e, insieme agli studenti del Gymnasium, fondato nel 2016, pi\u00f9 di 250 studenti per un totale di 17 classi. I nostri alunni si stanno preparando per le sfide del mondo moderno sia in ambito culturale che linguistico in un ambiente scolastico multiculturale e danno forma con successo al loro futuro.<\/p>\n<p>Nel 2024, ad esempio, la nostra prima classe ad affrontare la maturit\u00e0, ha compiuto l\u2019ultimo salto verso l&#8217;ambito diploma bavarese.<span style=\"text-decoration: line-through;\"><\/span><\/p>\n<p>[\/et_pb_text][\/et_pb_column][et_pb_column type=&#8221;1_2&#8243; _builder_version=&#8221;4.24.3&#8243; _module_preset=&#8221;default&#8221; global_colors_info=&#8221;{}&#8221;][et_pb_image src=&#8221;https:\/\/ldv-muenchen.de\/wp-content\/uploads\/2024\/06\/ldv-gruenderidee_1.jpg&#8221; title_text=&#8221;ldv-gruenderidee_1&#8243; _builder_version=&#8221;4.25.2&#8243; _module_preset=&#8221;default&#8221; global_colors_info=&#8221;{}&#8221;][\/et_pb_image][\/et_pb_column][\/et_pb_row][et_pb_row column_structure=&#8221;1_2,1_2&#8243; use_custom_gutter=&#8221;on&#8221; _builder_version=&#8221;4.25.1&#8243; _module_preset=&#8221;default&#8221; custom_padding=&#8221;0px||||false|false&#8221; global_colors_info=&#8221;{}&#8221;][et_pb_column type=&#8221;1_2&#8243; _builder_version=&#8221;4.25.1&#8243; _module_preset=&#8221;default&#8221; global_colors_info=&#8221;{}&#8221;][et_pb_image src=&#8221;https:\/\/ldv-muenchen.de\/wp-content\/uploads\/2024\/06\/ldv-gruenderidee_2.jpg&#8221; title_text=&#8221;ldv-gruenderidee_2&#8243; _builder_version=&#8221;4.25.2&#8243; _module_preset=&#8221;default&#8221; global_colors_info=&#8221;{}&#8221;][\/et_pb_image][\/et_pb_column][et_pb_column type=&#8221;1_2&#8243; _builder_version=&#8221;4.25.1&#8243; _module_preset=&#8221;default&#8221; global_colors_info=&#8221;{}&#8221;][et_pb_text _builder_version=&#8221;4.25.2&#8243; _module_preset=&#8221;default&#8221; global_colors_info=&#8221;{}&#8221;]<\/p>\n<p><strong>Da quando abbiamo iniziato nel settembre del 2013 sono accadute molte cose<\/strong>; la scuola e i nostri standard educativi sono cresciuti continuamente. Nel 2021 abbiamo festeggiato i nostri primi diplomi EMA e QUALI, e l&#8217;anno successivo abbiamo festeggiato il nostro primo diploma MSA.<\/p>\n<p>Eravamo e siamo unici nel panorama scolastico bavarese. Ma ci sono state anche sfide impreviste: durante la pandemia di Covid-19, tutte le scuole in Germania sono state chiuse il 13 marzo &#8211; ma solo 6 giorni dopo, il 19 marzo, noi siamo tornati a una normale routine scolastica online con la nostra &#8220;classe interattiva&#8221; &#8211; un grande grazie qui a tutti coloro che hanno reso possibile questo risultato esemplare a Monaco! A questo punto, vorremmo anche ringraziare i nostri sostenitori delle associazioni che gestiscono e sostengono la scuola e i nostri sponsor, cos\u00ec come gli aiutanti attivi nelle fila del consiglio dei genitori e dell&#8217;intera \u201ecomunit\u00e0 scolastica LDV\u201c, senza i quali non avremmo raggiunto questi obiettivi con tale successo! &#8211; Che si tratti di 17 studenti o di 250, o anche in futuro: i nostri sforzi e tutta la nostra attenzione rimarranno focalizzati su ogni singolo bambino, dopotutto, oggi come allora: ogni bambino ha il suo ritmo e i suoi talenti!<\/p>\n<p>[\/et_pb_text][\/et_pb_column][\/et_pb_row][\/et_pb_section][et_pb_section fb_built=&#8221;1&#8243; admin_label=&#8221;Element 1\/1 \u00fcber Element Text 1\/2 Bild 1\/2&#8243; _builder_version=&#8221;4.25.1&#8243; _module_preset=&#8221;default&#8221; global_colors_info=&#8221;{}&#8221;][et_pb_row _builder_version=&#8221;4.25.1&#8243; _module_preset=&#8221;default&#8221; custom_margin=&#8221;||0px||false|false&#8221; custom_padding=&#8221;||0px||false|false&#8221; global_colors_info=&#8221;{}&#8221;][et_pb_column type=&#8221;4_4&#8243; _builder_version=&#8221;4.24.3&#8243; _module_preset=&#8221;default&#8221; global_colors_info=&#8221;{}&#8221;][et_pb_text _builder_version=&#8221;4.25.2&#8243; _module_preset=&#8221;default&#8221; header_2_font=&#8221;PT Sans Narrow||||||||&#8221; header_2_font_size=&#8221;30px&#8221; header_2_line_height=&#8221;1.3em&#8221; global_colors_info=&#8221;{}&#8221;]<\/p>\n<h2>Risposte alle vostre domande<\/h2>\n<p>[\/et_pb_text][\/et_pb_column][\/et_pb_row][et_pb_row use_custom_gutter=&#8221;on&#8221; _builder_version=&#8221;4.25.1&#8243; _module_preset=&#8221;default&#8221; custom_padding=&#8221;0px||||false|false&#8221; global_colors_info=&#8221;{}&#8221;][et_pb_column type=&#8221;4_4&#8243; _builder_version=&#8221;4.24.3&#8243; _module_preset=&#8221;default&#8221; global_colors_info=&#8221;{}&#8221;][et_pb_text _builder_version=&#8221;4.25.2&#8243; _module_preset=&#8221;default&#8221; global_colors_info=&#8221;{}&#8221;]<\/p>\n<p>Scegliere la scuola giusta \u00e8 sempre un grande passo, perch\u00e9 in fondo il percorso \u00e8 tracciato fin dall\u2019inizio.<\/p>\n<p>Di seguito potete vedere una panoramica di domande rilevanti per i genitori, come potreste formularle voi stessi, nonch\u00e9 risposte utili, dovute alla nostra pratica ed esperienza scolastica nel quotidiano. Se non trovate le vostre domande tra quelle elencate, non esitare a contattarci a: info@ldv-muenchen.de<\/p>\n<p>[\/et_pb_text][\/et_pb_column][\/et_pb_row][et_pb_row _builder_version=&#8221;4.25.1&#8243; _module_preset=&#8221;default&#8221; custom_padding=&#8221;0px||||false|false&#8221; global_colors_info=&#8221;{}&#8221;][et_pb_column type=&#8221;4_4&#8243; _builder_version=&#8221;4.25.1&#8243; _module_preset=&#8221;default&#8221; global_colors_info=&#8221;{}&#8221;][et_pb_accordion open_toggle_text_color=&#8221;#0c71c3&#8243; closed_toggle_background_color=&#8221;#0c71c3&#8243; module_class=&#8221;my_accordion&#8221; _builder_version=&#8221;4.25.2&#8243; _module_preset=&#8221;default&#8221; toggle_text_color=&#8221;#FFFFFF&#8221; toggle_font=&#8221;PT Sans Narrow||||||||&#8221; toggle_font_size=&#8221;22px&#8221; border_color_all=&#8221;#0c71c3&#8243; global_colors_info=&#8221;{}&#8221;][et_pb_accordion_item title=&#8221;Un ambiente bilingue-italiano costituisce un ostacolo per il tedesco dei nostri figli?&#8221; open=&#8221;on&#8221; _builder_version=&#8221;4.25.2&#8243; _module_preset=&#8221;default&#8221; custom_margin=&#8221;0px||2px||false|false&#8221; global_colors_info=&#8221;{}&#8221;]<\/p>\n<p>No! \u2013 Il tedesco \u00e8 costantemente al centro della nostra attenzione e lingua nella quale si tiene l\u2019esame finale. Entrare a far parte del corso di italiano semplifica per voi e i vostri figli l\u2019inizio del percorso scolastico e permette di imparare utilizzando la prima lingua.<\/p>\n<p>[\/et_pb_accordion_item][et_pb_accordion_item title=&#8221;A casa siamo gi\u00e0 bilingui, perch\u00e9 dovremmo mandare i nostri figli in una scuola bilingue?&#8221; _builder_version=&#8221;4.25.2&#8243; _module_preset=&#8221;default&#8221; custom_margin=&#8221;0px||2px||false|false&#8221; global_colors_info=&#8221;{}&#8221; open=&#8221;off&#8221;]<\/p>\n<p>Proprio per questo! \u2013 perch\u00e9 l&#8217;integrazione in un ambiente bilingue significa per l\u2019alunno non solo un approfondimento delle sue competenze linguistiche, ma anche il consolidamento delle sue radici culturali.<\/p>\n<p>[\/et_pb_accordion_item][et_pb_accordion_item title=&#8221;Mio figlio ce la pu\u00f2 fare senza alcuna conoscenza pregressa dell&#8217;italiano?&#8221; _builder_version=&#8221;4.25.2&#8243; _module_preset=&#8221;default&#8221; custom_margin=&#8221;0px||2px||false|false&#8221; global_colors_info=&#8221;{}&#8221; open=&#8221;off&#8221;]<\/p>\n<p>Assolutamente s\u00ec! \u2013 nella nostra sezione tedesca, iniziare a parlare italiano \u00e8 facile, perch\u00e9 il livello linguistico si alza a poco a poco.<\/p>\n<p>[\/et_pb_accordion_item][et_pb_accordion_item title=&#8221;Mio figlio non conosce ancora il tedesco: \u00e8 un problema?&#8221; _builder_version=&#8221;4.25.2&#8243; _module_preset=&#8221;default&#8221; custom_margin=&#8221;0px||2px||false|false&#8221; global_colors_info=&#8221;{}&#8221; open=&#8221;off&#8221;]<\/p>\n<p>Niente affatto! \u2013 Il tedesco \u00e8 costantemente al centro della nostra attenzione e lingua nella quale si tiene l\u2019esame finale. Entrare a far parte del corso di italiano semplifica per voi e i vostri figli l\u2019inizio del percorso scolastico e permette di imparare utilizzando la prima lingua.<\/p>\n<p>[\/et_pb_accordion_item][\/et_pb_accordion][\/et_pb_column][\/et_pb_row][\/et_pb_section]<\/p>\n","protected":false},"excerpt":{"rendered":"<p>Dalla scuola primaria alla maturit\u00e0Alla Leonardo da Vinci offriamo un&#8217;educazione complessiva profonda e coerente, dalla scuola primaria alla scuola superiore, con un&#8217;ampia variet\u00e0 di opportunit\u00e0 di qualifiche alternative. Si consiglia [&hellip;]<\/p>\n","protected":false},"author":1,"featured_media":0,"parent":0,"menu_order":0,"comment_status":"closed","ping_status":"closed","template":"","meta":{"_et_pb_use_builder":"on","_et_pb_old_content":"","_et_gb_content_width":"","_price":"","_stock":"","_tribe_ticket_header":"","_tribe_default_ticket_provider":"","_tribe_ticket_capacity":"0","_ticket_start_date":"","_ticket_end_date":"","_tribe_ticket_show_description":"","_tribe_ticket_show_not_going":false,"_tribe_ticket_use_global_stock":"","_tribe_ticket_global_stock_level":"","_global_stock_mode":"","_global_stock_cap":"","_tribe_rsvp_for_event":"","_tribe_ticket_going_count":"","_tribe_ticket_not_going_count":"","_tribe_tickets_list":"[]","_tribe_ticket_has_attendee_info_fields":false,"footnotes":"","_tec_slr_enabled":"","_tec_slr_layout":""},"dipi_cpt_category":[],"class_list":["post-26017486","page","type-page","status-publish","hentry"],"ticketed":false,"_links":{"self":[{"href":"https:\/\/ldv-muenchen.de\/it\/wp-json\/wp\/v2\/pages\/26017486","targetHints":{"allow":["GET"]}}],"collection":[{"href":"https:\/\/ldv-muenchen.de\/it\/wp-json\/wp\/v2\/pages"}],"about":[{"href":"https:\/\/ldv-muenchen.de\/it\/wp-json\/wp\/v2\/types\/page"}],"author":[{"embeddable":true,"href":"https:\/\/ldv-muenchen.de\/it\/wp-json\/wp\/v2\/users\/1"}],"replies":[{"embeddable":true,"href":"https:\/\/ldv-muenchen.de\/it\/wp-json\/wp\/v2\/comments?post=26017486"}],"version-history":[{"count":0,"href":"https:\/\/ldv-muenchen.de\/it\/wp-json\/wp\/v2\/pages\/26017486\/revisions"}],"wp:attachment":[{"href":"https:\/\/ldv-muenchen.de\/it\/wp-json\/wp\/v2\/media?parent=26017486"}],"wp:term":[{"taxonomy":"dipi_cpt_category","embeddable":true,"href":"https:\/\/ldv-muenchen.de\/it\/wp-json\/wp\/v2\/dipi_cpt_category?post=26017486"}],"curies":[{"name":"wp","href":"https:\/\/api.w.org\/{rel}","templated":true}]}}